{"id":2670,"date":"2023-05-22T19:46:47","date_gmt":"2023-05-22T17:46:47","guid":{"rendered":"https:\/\/orefugionasvinhas.com\/?page_id=2670"},"modified":"2023-12-07T22:47:55","modified_gmt":"2023-12-07T21:47:55","slug":"a-visiter","status":"publish","type":"page","link":"https:\/\/orefugionasvinhas.com\/es\/a-visiter\/","title":{"rendered":"Para visitar"},"content":{"rendered":"<div data-elementor-type=\"wp-page\" data-elementor-id=\"2670\" class=\"elementor elementor-2670\" data-elementor-post-type=\"page\">\n\t\t\t\t\t\t<section class=\"elementor-section elementor-top-section elementor-element elementor-element-2e81b9dd elementor-section-full_width elementor-section-stretched elementor-section-height-default elementor-section-height-default\" data-id=\"2e81b9dd\" data-element_type=\"section\" data-settings=\"{&quot;stretch_section&quot;:&quot;section-stretched&quot;,&quot;background_background&quot;:&quot;classic&quot;}\">\n\t\t\t\t\t\t<div class=\"elementor-container elementor-column-gap-no\">\n\t\t\t\t\t<div class=\"elementor-column elementor-col-100 elementor-top-column elementor-element elementor-element-30e7932c\" data-id=\"30e7932c\" data-element_type=\"column\" data-settings=\"{&quot;background_background&quot;:&quot;classic&quot;}\">\n\t\t\t<div class=\"elementor-widget-wrap elementor-element-populated\">\n\t\t\t\t\t\t<div class=\"elementor-element elementor-element-fb4b0fc elementor--h-position-center elementor--v-position-middle elementor-arrows-position-inside elementor-pagination-position-inside elementor-widget elementor-widget-slides\" data-id=\"fb4b0fc\" data-element_type=\"widget\" data-settings=\"{&quot;navigation&quot;:&quot;both&quot;,&quot;autoplay&quot;:&quot;yes&quot;,&quot;pause_on_hover&quot;:&quot;yes&quot;,&quot;pause_on_interaction&quot;:&quot;yes&quot;,&quot;autoplay_speed&quot;:5000,&quot;infinite&quot;:&quot;yes&quot;,&quot;transition&quot;:&quot;slide&quot;,&quot;transition_speed&quot;:500}\" data-widget_type=\"slides.default\">\n\t\t\t\t<div class=\"elementor-widget-container\">\n\t\t\t\t\t<div class=\"elementor-swiper\">\n\t\t\t<div class=\"elementor-slides-wrapper elementor-main-swiper swiper\" dir=\"ltr\" data-animation=\"fadeInUp\">\n\t\t\t\t<div class=\"swiper-wrapper elementor-slides\">\n\t\t\t\t\t\t\t\t\t\t<div class=\"elementor-repeater-item-53c9dee swiper-slide\"><div class=\"swiper-slide-bg\" role=\"img\"><\/div><div class=\"swiper-slide-inner\" ><div class=\"swiper-slide-contents\"><div class=\"elementor-slide-heading\">Para visitar<\/div><div class=\"elementor-slide-description\">Una buena forma de visitar la regi\u00f3n es tomar el tren de Valen\u00e7a a Viana o a las playas de Caminha o Moledo.<\/div><\/div><\/div><\/div>\t\t\t\t<\/div>\n\t\t\t\t\t\t\t<\/div>\n\t\t<\/div>\n\t\t\t\t<\/div>\n\t\t\t\t<\/div>\n\t\t\t\t\t<\/div>\n\t\t<\/div>\n\t\t\t\t\t<\/div>\n\t\t<\/section>\n\t\t\t\t<section class=\"elementor-section elementor-top-section elementor-element elementor-element-6e92f0e0 elementor-section-boxed elementor-section-height-default elementor-section-height-default\" data-id=\"6e92f0e0\" data-element_type=\"section\">\n\t\t\t\t\t\t<div class=\"elementor-container elementor-column-gap-default\">\n\t\t\t\t\t<div class=\"elementor-column elementor-col-100 elementor-top-column elementor-element elementor-element-c5857d7\" data-id=\"c5857d7\" data-element_type=\"column\">\n\t\t\t<div class=\"elementor-widget-wrap elementor-element-populated\">\n\t\t\t\t\t\t<div class=\"elementor-element elementor-element-4aba24d9 elementor-widget elementor-widget-text-editor\" data-id=\"4aba24d9\" data-element_type=\"widget\" data-widget_type=\"text-editor.default\">\n\t\t\t\t<div class=\"elementor-widget-container\">\n\t\t\t\t\t\t\t<p style=\"text-align: center;\">El trenecito bordea el mar y es una delicia.<\/p>\t\t\t\t\t\t<\/div>\n\t\t\t\t<\/div>\n\t\t\t\t\t<\/div>\n\t\t<\/div>\n\t\t\t\t\t<\/div>\n\t\t<\/section>\n\t\t\t\t<section class=\"elementor-section elementor-top-section elementor-element elementor-element-41d0c1cc elementor-section-boxed elementor-section-height-default elementor-section-height-default\" data-id=\"41d0c1cc\" data-element_type=\"section\">\n\t\t\t\t\t\t<div class=\"elementor-container elementor-column-gap-default\">\n\t\t\t\t\t<div class=\"elementor-column elementor-col-33 elementor-top-column elementor-element elementor-element-177e22d6\" data-id=\"177e22d6\" data-element_type=\"column\" data-settings=\"{&quot;background_background&quot;:&quot;classic&quot;}\">\n\t\t\t<div class=\"elementor-widget-wrap elementor-element-populated\">\n\t\t\t\t\t\t<div class=\"elementor-element elementor-element-4b249742 elementor--h-position-center elementor--v-position-middle elementor-arrows-position-inside elementor-pagination-position-inside elementor-widget elementor-widget-slides\" data-id=\"4b249742\" data-element_type=\"widget\" data-settings=\"{&quot;navigation&quot;:&quot;both&quot;,&quot;autoplay&quot;:&quot;yes&quot;,&quot;pause_on_hover&quot;:&quot;yes&quot;,&quot;pause_on_interaction&quot;:&quot;yes&quot;,&quot;autoplay_speed&quot;:5000,&quot;infinite&quot;:&quot;yes&quot;,&quot;transition&quot;:&quot;slide&quot;,&quot;transition_speed&quot;:500}\" data-widget_type=\"slides.default\">\n\t\t\t\t<div class=\"elementor-widget-container\">\n\t\t\t\t\t<div class=\"elementor-swiper\">\n\t\t\t<div class=\"elementor-slides-wrapper elementor-main-swiper swiper\" dir=\"ltr\" data-animation=\"fadeInUp\">\n\t\t\t\t<div class=\"swiper-wrapper elementor-slides\">\n\t\t\t\t\t\t\t\t\t\t<div class=\"elementor-repeater-item-47ed310 swiper-slide\"><div class=\"swiper-slide-bg\" role=\"img\"><\/div><div class=\"swiper-slide-inner\" ><div class=\"swiper-slide-contents\"><\/div><\/div><\/div>\t\t\t\t<\/div>\n\t\t\t\t\t\t\t<\/div>\n\t\t<\/div>\n\t\t\t\t<\/div>\n\t\t\t\t<\/div>\n\t\t\t\t\t<\/div>\n\t\t<\/div>\n\t\t\t\t<div class=\"elementor-column elementor-col-66 elementor-top-column elementor-element elementor-element-3e7aca88\" data-id=\"3e7aca88\" data-element_type=\"column\">\n\t\t\t<div class=\"elementor-widget-wrap elementor-element-populated\">\n\t\t\t\t\t\t<div class=\"elementor-element elementor-element-2337ae01 elementor-widget elementor-widget-text-editor\" data-id=\"2337ae01\" data-element_type=\"widget\" data-widget_type=\"text-editor.default\">\n\t\t\t\t<div class=\"elementor-widget-container\">\n\t\t\t\t\t\t\t<p><strong>VIANA DO CASTELO :<\/strong><\/p><ul><li>A 1h30 de Badim, Viana es la ciudad m\u00e1s grande de la regi\u00f3n. Sus playas, su puerto, su magn\u00edfica poussada en las alturas de la ciudad junto a Santa Luzia (la iglesia en lo alto).<\/li><\/ul><p><strong><br \/>\u00a0 \u00a0 \u00a0A tener en cuenta en su visita:<\/strong><\/p><ul><li><p>La Poussada de Viana.<\/p><\/li><li><p>El restaurante del hotel Casa Melo Alvim (cerca de la estaci\u00f3n de Viana).<\/p><\/li><li><p>Taverna do Valentin (restaurante de pescado, cerrado los domingos).<\/p><\/li><li><p>Funicular a Santa Luzia y la poussada (restaurante).<\/p><\/li><li><p>Un museo que me gusta por su ubicaci\u00f3n y la informaci\u00f3n que aporta es el bonito Museo folcl\u00f3rico:<\/p><ul><li>el Museo del Traje de Viana do Castelo.<\/li><\/ul><\/li><\/ul>\t\t\t\t\t\t<\/div>\n\t\t\t\t<\/div>\n\t\t\t\t\t<\/div>\n\t\t<\/div>\n\t\t\t\t\t<\/div>\n\t\t<\/section>\n\t\t\t\t<section class=\"elementor-section elementor-top-section elementor-element elementor-element-6e21ef7b elementor-section-boxed elementor-section-height-default elementor-section-height-default\" data-id=\"6e21ef7b\" data-element_type=\"section\">\n\t\t\t\t\t\t<div class=\"elementor-container elementor-column-gap-default\">\n\t\t\t\t\t<div class=\"elementor-column elementor-col-33 elementor-top-column elementor-element elementor-element-5b2a7b7a\" data-id=\"5b2a7b7a\" data-element_type=\"column\">\n\t\t\t<div class=\"elementor-widget-wrap elementor-element-populated\">\n\t\t\t\t\t\t<div class=\"elementor-element elementor-element-0e89d0d elementor--h-position-center elementor--v-position-middle elementor-arrows-position-inside elementor-pagination-position-inside elementor-widget elementor-widget-slides\" data-id=\"0e89d0d\" data-element_type=\"widget\" data-settings=\"{&quot;navigation&quot;:&quot;both&quot;,&quot;autoplay&quot;:&quot;yes&quot;,&quot;pause_on_hover&quot;:&quot;yes&quot;,&quot;pause_on_interaction&quot;:&quot;yes&quot;,&quot;autoplay_speed&quot;:5000,&quot;infinite&quot;:&quot;yes&quot;,&quot;transition&quot;:&quot;slide&quot;,&quot;transition_speed&quot;:500}\" data-widget_type=\"slides.default\">\n\t\t\t\t<div class=\"elementor-widget-container\">\n\t\t\t\t\t<div class=\"elementor-swiper\">\n\t\t\t<div class=\"elementor-slides-wrapper elementor-main-swiper swiper\" dir=\"ltr\" data-animation=\"fadeInUp\">\n\t\t\t\t<div class=\"swiper-wrapper elementor-slides\">\n\t\t\t\t\t\t\t\t\t\t<div class=\"elementor-repeater-item-47ed310 swiper-slide\"><div class=\"swiper-slide-bg\" role=\"img\"><\/div><div class=\"swiper-slide-inner\" ><div class=\"swiper-slide-contents\"><\/div><\/div><\/div>\t\t\t\t<\/div>\n\t\t\t\t\t\t\t<\/div>\n\t\t<\/div>\n\t\t\t\t<\/div>\n\t\t\t\t<\/div>\n\t\t\t\t\t<\/div>\n\t\t<\/div>\n\t\t\t\t<div class=\"elementor-column elementor-col-66 elementor-top-column elementor-element elementor-element-deeef02\" data-id=\"deeef02\" data-element_type=\"column\">\n\t\t\t<div class=\"elementor-widget-wrap elementor-element-populated\">\n\t\t\t\t\t\t<div class=\"elementor-element elementor-element-13ad2b7f elementor-widget elementor-widget-text-editor\" data-id=\"13ad2b7f\" data-element_type=\"widget\" data-widget_type=\"text-editor.default\">\n\t\t\t\t<div class=\"elementor-widget-container\">\n\t\t\t\t\t\t\t<p><strong><u>Buen vino<\/u><\/strong><\/p><p>la regi\u00f3n de Mon\u00e7\u00e3o es famosa por su vino blanco llamado Alvarinho.<br \/>Museo del vino en la plaza de Mon\u00e7\u00e3o<\/p>\t\t\t\t\t\t<\/div>\n\t\t\t\t<\/div>\n\t\t\t\t\t<\/div>\n\t\t<\/div>\n\t\t\t\t\t<\/div>\n\t\t<\/section>\n\t\t\t\t<section class=\"elementor-section elementor-top-section elementor-element elementor-element-2f527cfc elementor-section-boxed elementor-section-height-default elementor-section-height-default\" data-id=\"2f527cfc\" data-element_type=\"section\">\n\t\t\t\t\t\t<div class=\"elementor-container elementor-column-gap-default\">\n\t\t\t\t\t<div class=\"elementor-column elementor-col-33 elementor-top-column elementor-element elementor-element-4d889452\" data-id=\"4d889452\" data-element_type=\"column\">\n\t\t\t<div class=\"elementor-widget-wrap elementor-element-populated\">\n\t\t\t\t\t\t<div class=\"elementor-element elementor-element-97b0ab2 elementor--h-position-center elementor--v-position-middle elementor-arrows-position-inside elementor-pagination-position-inside elementor-widget elementor-widget-slides\" data-id=\"97b0ab2\" data-element_type=\"widget\" data-settings=\"{&quot;navigation&quot;:&quot;both&quot;,&quot;autoplay&quot;:&quot;yes&quot;,&quot;pause_on_hover&quot;:&quot;yes&quot;,&quot;pause_on_interaction&quot;:&quot;yes&quot;,&quot;autoplay_speed&quot;:5000,&quot;infinite&quot;:&quot;yes&quot;,&quot;transition&quot;:&quot;slide&quot;,&quot;transition_speed&quot;:500}\" data-widget_type=\"slides.default\">\n\t\t\t\t<div class=\"elementor-widget-container\">\n\t\t\t\t\t<div class=\"elementor-swiper\">\n\t\t\t<div class=\"elementor-slides-wrapper elementor-main-swiper swiper\" dir=\"ltr\" data-animation=\"fadeInUp\">\n\t\t\t\t<div class=\"swiper-wrapper elementor-slides\">\n\t\t\t\t\t\t\t\t\t\t<div class=\"elementor-repeater-item-47ed310 swiper-slide\"><div class=\"swiper-slide-bg\" role=\"img\"><\/div><div class=\"swiper-slide-inner\" ><div class=\"swiper-slide-contents\"><\/div><\/div><\/div>\t\t\t\t<\/div>\n\t\t\t\t\t\t\t<\/div>\n\t\t<\/div>\n\t\t\t\t<\/div>\n\t\t\t\t<\/div>\n\t\t\t\t\t<\/div>\n\t\t<\/div>\n\t\t\t\t<div class=\"elementor-column elementor-col-66 elementor-top-column elementor-element elementor-element-685d6777\" data-id=\"685d6777\" data-element_type=\"column\">\n\t\t\t<div class=\"elementor-widget-wrap elementor-element-populated\">\n\t\t\t\t\t\t<div class=\"elementor-element elementor-element-2505e772 elementor-widget elementor-widget-text-editor\" data-id=\"2505e772\" data-element_type=\"widget\" data-widget_type=\"text-editor.default\">\n\t\t\t\t<div class=\"elementor-widget-container\">\n\t\t\t\t\t\t\t<p><strong>Palacio da Brejoeira<\/strong><br \/><strong>Direcci\u00f3n<\/strong>: Pal\u00e1cio da Brejoeira, Pinheiros, 4950-660 Mon\u00e7\u00e3o, Portugal <br \/><strong>Tel\u00e9fono<\/strong>: +351 251 666 129<\/p><p><strong>Informaci\u00f3n<\/strong> :<\/p><ul><li>Magn\u00edfico castillo con una historia cautivadora.<\/li><li>Mansi\u00f3n, jardines y bodegas para explorar.<\/li><li>Una visita rica en historia y descubrimientos vin\u00edcolas.<\/li><li>Degustaci\u00f3n de vinos previa concertaci\u00f3n.<\/li><li>El museo abre todos los d\u00edas.<\/li><\/ul><div class=\"QsDR1c\"><div class=\"wDYxhc\" lang=\"fr-FR\" data-attrid=\"kc:\/location\/location:address\" data-md=\"1002\" data-hveid=\"CFkQAA\" data-ved=\"2ahUKEwi6qrTGxuP_AhXTRaQEHRpBDOwQkCl6BAhZEAA\"><div class=\"Z1hOCe\"><div class=\"zloOqf PZPZlf\" data-dtype=\"d3ifr\" data-local-attribute=\"d3adr\" data-ved=\"2ahUKEwi6qrTGxuP_AhXTRaQEHRpBDOwQghwoAHoECFkQAQ\">\u00a0<\/div><\/div><\/div><\/div>\t\t\t\t\t\t<\/div>\n\t\t\t\t<\/div>\n\t\t\t\t\t<\/div>\n\t\t<\/div>\n\t\t\t\t\t<\/div>\n\t\t<\/section>\n\t\t\t\t<section class=\"elementor-section elementor-top-section elementor-element elementor-element-6295c94 elementor-section-boxed elementor-section-height-default elementor-section-height-default\" data-id=\"6295c94\" data-element_type=\"section\">\n\t\t\t\t\t\t<div class=\"elementor-container elementor-column-gap-default\">\n\t\t\t\t\t<div class=\"elementor-column elementor-col-33 elementor-top-column elementor-element elementor-element-b434508\" data-id=\"b434508\" data-element_type=\"column\">\n\t\t\t<div class=\"elementor-widget-wrap elementor-element-populated\">\n\t\t\t\t\t\t<div class=\"elementor-element elementor-element-9caa849 elementor--h-position-center elementor--v-position-middle elementor-arrows-position-inside elementor-pagination-position-inside elementor-widget elementor-widget-slides\" data-id=\"9caa849\" data-element_type=\"widget\" data-settings=\"{&quot;navigation&quot;:&quot;both&quot;,&quot;autoplay&quot;:&quot;yes&quot;,&quot;pause_on_hover&quot;:&quot;yes&quot;,&quot;pause_on_interaction&quot;:&quot;yes&quot;,&quot;autoplay_speed&quot;:5000,&quot;infinite&quot;:&quot;yes&quot;,&quot;transition&quot;:&quot;slide&quot;,&quot;transition_speed&quot;:500}\" data-widget_type=\"slides.default\">\n\t\t\t\t<div class=\"elementor-widget-container\">\n\t\t\t\t\t<div class=\"elementor-swiper\">\n\t\t\t<div class=\"elementor-slides-wrapper elementor-main-swiper swiper\" dir=\"ltr\" data-animation=\"fadeInUp\">\n\t\t\t\t<div class=\"swiper-wrapper elementor-slides\">\n\t\t\t\t\t\t\t\t\t\t<div class=\"elementor-repeater-item-47ed310 swiper-slide\"><div class=\"swiper-slide-bg\" role=\"img\"><\/div><div class=\"swiper-slide-inner\" ><div class=\"swiper-slide-contents\"><\/div><\/div><\/div>\t\t\t\t<\/div>\n\t\t\t\t\t\t\t<\/div>\n\t\t<\/div>\n\t\t\t\t<\/div>\n\t\t\t\t<\/div>\n\t\t\t\t\t<\/div>\n\t\t<\/div>\n\t\t\t\t<div class=\"elementor-column elementor-col-66 elementor-top-column elementor-element elementor-element-5e78cae\" data-id=\"5e78cae\" data-element_type=\"column\">\n\t\t\t<div class=\"elementor-widget-wrap elementor-element-populated\">\n\t\t\t\t\t\t<div class=\"elementor-element elementor-element-5ec68b3 elementor-widget elementor-widget-text-editor\" data-id=\"5ec68b3\" data-element_type=\"widget\" data-widget_type=\"text-editor.default\">\n\t\t\t\t<div class=\"elementor-widget-container\">\n\t\t\t\t\t\t\t<p><strong>PONTE DE LIMA<\/strong>\u00a0Ponte de Lima: a medio camino entre Oporto y Badim, puede visitar la peque\u00f1a localidad de Ponte de Lima: una de las ciudades m\u00e1s antiguas de Portugal, con su famoso puente romano. Jardines, artesanos y buenos restaurantes la convierten en una parada ideal en su camino desde el aeropuerto.<\/p>\t\t\t\t\t\t<\/div>\n\t\t\t\t<\/div>\n\t\t\t\t\t<\/div>\n\t\t<\/div>\n\t\t\t\t\t<\/div>\n\t\t<\/section>\n\t\t\t\t<section class=\"elementor-section elementor-top-section elementor-element elementor-element-f5123bb elementor-section-boxed elementor-section-height-default elementor-section-height-default\" data-id=\"f5123bb\" data-element_type=\"section\">\n\t\t\t\t\t\t<div class=\"elementor-container elementor-column-gap-default\">\n\t\t\t\t\t<div class=\"elementor-column elementor-col-100 elementor-top-column elementor-element elementor-element-fe62a18\" data-id=\"fe62a18\" data-element_type=\"column\">\n\t\t\t<div class=\"elementor-widget-wrap elementor-element-populated\">\n\t\t\t\t\t\t<div class=\"elementor-element elementor-element-1fe5703 elementor-widget elementor-widget-text-editor\" data-id=\"1fe5703\" data-element_type=\"widget\" data-widget_type=\"text-editor.default\">\n\t\t\t\t<div class=\"elementor-widget-container\">\n\t\t\t\t\t\t\t<p><strong>Naturaleza - Actividades sanitarias<\/strong><\/p>\t\t\t\t\t\t<\/div>\n\t\t\t\t<\/div>\n\t\t\t\t\t<\/div>\n\t\t<\/div>\n\t\t\t\t\t<\/div>\n\t\t<\/section>\n\t\t\t\t<section class=\"elementor-section elementor-top-section elementor-element elementor-element-23a6078d elementor-section-boxed elementor-section-height-default elementor-section-height-default\" data-id=\"23a6078d\" data-element_type=\"section\">\n\t\t\t\t\t\t<div class=\"elementor-container elementor-column-gap-default\">\n\t\t\t\t\t<div class=\"elementor-column elementor-col-100 elementor-top-column elementor-element elementor-element-225a25e4\" data-id=\"225a25e4\" data-element_type=\"column\">\n\t\t\t<div class=\"elementor-widget-wrap elementor-element-populated\">\n\t\t\t\t\t\t<div class=\"elementor-element elementor-element-7ec97591 elementor-widget elementor-widget-text-editor\" data-id=\"7ec97591\" data-element_type=\"widget\" data-widget_type=\"text-editor.default\">\n\t\t\t\t<div class=\"elementor-widget-container\">\n\t\t\t\t\t\t\t<p>Nuestra propiedad es un lugar ideal para el paseo meditativo. Puedes pasear libremente por la propiedad, que puede completarse en 2 horas. Puede detenerse a leer, meditar, dormir en las hamacas o simplemente admirar el paisaje mientras escucha a los p\u00e1jaros.<\/p><p>Badim est\u00e1 rodeado de colinas y vegetaci\u00f3n, y ofrece paseos se\u00f1alizados de distinta longitud. El pueblo invita al paseo.<\/p><p>A s\u00f3lo 5 km de Badim, encontrar\u00e1 playas fluviales como Pedro Macao. Es un lugar estupendo para pasear, darse un ba\u00f1o y explorar la zona mientras se hace un picnic. Encontrar\u00e1 playas y sombra.<\/p><p>Mon\u00e7ao es famosa por sus ba\u00f1os termales interiores con piscinas y chorros relajantes, as\u00ed como sauna, hammam y piscina de burbujas de agua de hierro. La entrada cuesta 12 euros por persona, previa reserva, y es obligatorio llevar gorro de ba\u00f1o y calzado. Para reservar, p\u00f3ngase en contacto con el Balneario de Mon\u00e7ao en el 00351 251 648 367. Tambi\u00e9n hay una piscina municipal cubierta y otra al aire libre, un gimnasio, canchas de baloncesto, etc.<\/p><p>A 1 km de Mon\u00e7ao, en el lado espa\u00f1ol, encontrar\u00e1 ba\u00f1os termales al aire libre con piscinas calientes (41 grados), templadas y fr\u00edas, cerca del r\u00edo Mi\u00f1o, en Salvaterra do Minho (abierto todos los d\u00edas excepto lunes y martes). Para m\u00e1s informaci\u00f3n, llame al 0034 617 148 866.<\/p><p>A los amantes del ciclismo les encantar\u00e1n los pueblos de los alrededores. Mon\u00e7ao ofrece un estupendo sendero ecol\u00f3gico, una ruta ciclista de 20 km que va de Mon\u00e7ao a Valen\u00e7a. Es una ruta muy segura, incluso con ni\u00f1os. No se pierda una visita a la ciudad y las fortificaciones de Valen\u00e7a, famosa por sus tiendas de ropa asequible.<\/p><p>Los aficionados al kayak pueden ponerse en contacto con Subzonextreme para practicar rafting o kayak en el Mi\u00f1o. Puede contactar con ellos en su sitio web subzone.pt o en el 00351 963 761 577.<\/p><p>El Parque Nacional de Peneda-Ger\u00eas, conocido paraje verde cerca de Badim, es una reserva natural virgen de 70.000 km\u00b2. No se pierda el encantador pueblo de Sistelo, apodado el Peque\u00f1o T\u00edbet, con sus terrazas y su naturaleza virgen. Si planea un d\u00eda de senderismo por el parque, es buena idea comprar un mapa que le ayude a orientarse.<\/p>\t\t\t\t\t\t<\/div>\n\t\t\t\t<\/div>\n\t\t\t\t\t<\/div>\n\t\t<\/div>\n\t\t\t\t\t<\/div>\n\t\t<\/section>\n\t\t\t\t<\/div>","protected":false},"excerpt":{"rendered":"<p>Una forma estupenda de visitar la regi\u00f3n es tomar el tren desde Valen\u00e7a hasta Viana, Caminha o la playa de Moledo. El trenecito discurre junto al mar y es una delicia. VIANA DO CASTELO : A 1h30 de Badim, Viana es la ciudad m\u00e1s grande de la regi\u00f3n. Su [...]<\/p>","protected":false},"author":1,"featured_media":0,"parent":0,"menu_order":0,"comment_status":"closed","ping_status":"closed","template":"elementor_header_footer","meta":{"footnotes":""},"class_list":["post-2670","page","type-page","status-publish","hentry"],"jetpack_sharing_enabled":true,"_links":{"self":[{"href":"https:\/\/orefugionasvinhas.com\/es\/wp-json\/wp\/v2\/pages\/2670","targetHints":{"allow":["GET"]}}],"collection":[{"href":"https:\/\/orefugionasvinhas.com\/es\/wp-json\/wp\/v2\/pages"}],"about":[{"href":"https:\/\/orefugionasvinhas.com\/es\/wp-json\/wp\/v2\/types\/page"}],"author":[{"embeddable":true,"href":"https:\/\/orefugionasvinhas.com\/es\/wp-json\/wp\/v2\/users\/1"}],"replies":[{"embeddable":true,"href":"https:\/\/orefugionasvinhas.com\/es\/wp-json\/wp\/v2\/comments?post=2670"}],"version-history":[{"count":16,"href":"https:\/\/orefugionasvinhas.com\/es\/wp-json\/wp\/v2\/pages\/2670\/revisions"}],"predecessor-version":[{"id":4144,"href":"https:\/\/orefugionasvinhas.com\/es\/wp-json\/wp\/v2\/pages\/2670\/revisions\/4144"}],"wp:attachment":[{"href":"https:\/\/orefugionasvinhas.com\/es\/wp-json\/wp\/v2\/media?parent=2670"}],"curies":[{"name":"wp","href":"https:\/\/api.w.org\/{rel}","templated":true}]}}