{"id":2670,"date":"2023-05-22T19:46:47","date_gmt":"2023-05-22T17:46:47","guid":{"rendered":"https:\/\/orefugionasvinhas.com\/?page_id=2670"},"modified":"2023-12-07T22:47:55","modified_gmt":"2023-12-07T21:47:55","slug":"a-visiter","status":"publish","type":"page","link":"https:\/\/orefugionasvinhas.com\/fr\/a-visiter\/","title":{"rendered":"\u00c0 visiter"},"content":{"rendered":"\t\t<div data-elementor-type=\"wp-page\" data-elementor-id=\"2670\" class=\"elementor elementor-2670\" data-elementor-post-type=\"page\">\n\t\t\t\t\t\t<section class=\"elementor-section elementor-top-section elementor-element elementor-element-2e81b9dd elementor-section-full_width elementor-section-stretched elementor-section-height-default elementor-section-height-default\" data-id=\"2e81b9dd\" data-element_type=\"section\" data-settings=\"{&quot;stretch_section&quot;:&quot;section-stretched&quot;,&quot;background_background&quot;:&quot;classic&quot;}\">\n\t\t\t\t\t\t<div class=\"elementor-container elementor-column-gap-no\">\n\t\t\t\t\t<div class=\"elementor-column elementor-col-100 elementor-top-column elementor-element elementor-element-30e7932c\" data-id=\"30e7932c\" data-element_type=\"column\" data-settings=\"{&quot;background_background&quot;:&quot;classic&quot;}\">\n\t\t\t<div class=\"elementor-widget-wrap elementor-element-populated\">\n\t\t\t\t\t\t<div class=\"elementor-element elementor-element-fb4b0fc elementor--h-position-center elementor--v-position-middle elementor-arrows-position-inside elementor-pagination-position-inside elementor-widget elementor-widget-slides\" data-id=\"fb4b0fc\" data-element_type=\"widget\" data-settings=\"{&quot;navigation&quot;:&quot;both&quot;,&quot;autoplay&quot;:&quot;yes&quot;,&quot;pause_on_hover&quot;:&quot;yes&quot;,&quot;pause_on_interaction&quot;:&quot;yes&quot;,&quot;autoplay_speed&quot;:5000,&quot;infinite&quot;:&quot;yes&quot;,&quot;transition&quot;:&quot;slide&quot;,&quot;transition_speed&quot;:500}\" data-widget_type=\"slides.default\">\n\t\t\t\t<div class=\"elementor-widget-container\">\n\t\t\t\t\t<div class=\"elementor-swiper\">\n\t\t\t<div class=\"elementor-slides-wrapper elementor-main-swiper swiper\" dir=\"ltr\" data-animation=\"fadeInUp\">\n\t\t\t\t<div class=\"swiper-wrapper elementor-slides\">\n\t\t\t\t\t\t\t\t\t\t<div class=\"elementor-repeater-item-53c9dee swiper-slide\"><div class=\"swiper-slide-bg\" role=\"img\"><\/div><div class=\"swiper-slide-inner\" ><div class=\"swiper-slide-contents\"><div class=\"elementor-slide-heading\">\u00c0 visiter<\/div><div class=\"elementor-slide-description\">Un beau moyen de visiter la r\u00e9gion de fa\u00e7on touristique est de prendre le train \u00e0 Valen\u00e7a et d\u2019aller \u00e0 Viana ou \u00e0 la plage de Caminha ou Moledo.<\/div><\/div><\/div><\/div>\t\t\t\t<\/div>\n\t\t\t\t\t\t\t<\/div>\n\t\t<\/div>\n\t\t\t\t<\/div>\n\t\t\t\t<\/div>\n\t\t\t\t\t<\/div>\n\t\t<\/div>\n\t\t\t\t\t<\/div>\n\t\t<\/section>\n\t\t\t\t<section class=\"elementor-section elementor-top-section elementor-element elementor-element-6e92f0e0 elementor-section-boxed elementor-section-height-default elementor-section-height-default\" data-id=\"6e92f0e0\" data-element_type=\"section\">\n\t\t\t\t\t\t<div class=\"elementor-container elementor-column-gap-default\">\n\t\t\t\t\t<div class=\"elementor-column elementor-col-100 elementor-top-column elementor-element elementor-element-c5857d7\" data-id=\"c5857d7\" data-element_type=\"column\">\n\t\t\t<div class=\"elementor-widget-wrap elementor-element-populated\">\n\t\t\t\t\t\t<div class=\"elementor-element elementor-element-4aba24d9 elementor-widget elementor-widget-text-editor\" data-id=\"4aba24d9\" data-element_type=\"widget\" data-widget_type=\"text-editor.default\">\n\t\t\t\t<div class=\"elementor-widget-container\">\n\t\t\t\t\t\t\t<p style=\"text-align: center;\">Le petit train longe la mer et c\u2019est ravissant.<\/p>\t\t\t\t\t\t<\/div>\n\t\t\t\t<\/div>\n\t\t\t\t\t<\/div>\n\t\t<\/div>\n\t\t\t\t\t<\/div>\n\t\t<\/section>\n\t\t\t\t<section class=\"elementor-section elementor-top-section elementor-element elementor-element-41d0c1cc elementor-section-boxed elementor-section-height-default elementor-section-height-default\" data-id=\"41d0c1cc\" data-element_type=\"section\">\n\t\t\t\t\t\t<div class=\"elementor-container elementor-column-gap-default\">\n\t\t\t\t\t<div class=\"elementor-column elementor-col-33 elementor-top-column elementor-element elementor-element-177e22d6\" data-id=\"177e22d6\" data-element_type=\"column\" data-settings=\"{&quot;background_background&quot;:&quot;classic&quot;}\">\n\t\t\t<div class=\"elementor-widget-wrap elementor-element-populated\">\n\t\t\t\t\t\t<div class=\"elementor-element elementor-element-4b249742 elementor--h-position-center elementor--v-position-middle elementor-arrows-position-inside elementor-pagination-position-inside elementor-widget elementor-widget-slides\" data-id=\"4b249742\" data-element_type=\"widget\" data-settings=\"{&quot;navigation&quot;:&quot;both&quot;,&quot;autoplay&quot;:&quot;yes&quot;,&quot;pause_on_hover&quot;:&quot;yes&quot;,&quot;pause_on_interaction&quot;:&quot;yes&quot;,&quot;autoplay_speed&quot;:5000,&quot;infinite&quot;:&quot;yes&quot;,&quot;transition&quot;:&quot;slide&quot;,&quot;transition_speed&quot;:500}\" data-widget_type=\"slides.default\">\n\t\t\t\t<div class=\"elementor-widget-container\">\n\t\t\t\t\t<div class=\"elementor-swiper\">\n\t\t\t<div class=\"elementor-slides-wrapper elementor-main-swiper swiper\" dir=\"ltr\" data-animation=\"fadeInUp\">\n\t\t\t\t<div class=\"swiper-wrapper elementor-slides\">\n\t\t\t\t\t\t\t\t\t\t<div class=\"elementor-repeater-item-47ed310 swiper-slide\"><div class=\"swiper-slide-bg\" role=\"img\"><\/div><div class=\"swiper-slide-inner\" ><div class=\"swiper-slide-contents\"><\/div><\/div><\/div>\t\t\t\t<\/div>\n\t\t\t\t\t\t\t<\/div>\n\t\t<\/div>\n\t\t\t\t<\/div>\n\t\t\t\t<\/div>\n\t\t\t\t\t<\/div>\n\t\t<\/div>\n\t\t\t\t<div class=\"elementor-column elementor-col-66 elementor-top-column elementor-element elementor-element-3e7aca88\" data-id=\"3e7aca88\" data-element_type=\"column\">\n\t\t\t<div class=\"elementor-widget-wrap elementor-element-populated\">\n\t\t\t\t\t\t<div class=\"elementor-element elementor-element-2337ae01 elementor-widget elementor-widget-text-editor\" data-id=\"2337ae01\" data-element_type=\"widget\" data-widget_type=\"text-editor.default\">\n\t\t\t\t<div class=\"elementor-widget-container\">\n\t\t\t\t\t\t\t<p><strong>VIANA DO CASTELO :<\/strong><\/p><ul><li>\u00c0 1h30 de Badim, Viana est la grande ville de la r\u00e9gion. Ses plages, son port, sa superbe poussada sur les hauteurs de la ville \u00e0 c\u00f4t\u00e9 de Santa Luzia (l\u2019\u00e9glise sur les hauteurs).<\/li><\/ul><p><strong><br \/>\u00a0 \u00a0 \u00a0\u00c0 \u00e9pingler :<\/strong><\/p><ul><li><p>La Poussada de Viana.<\/p><\/li><li><p>Le restaurant de l\u2019h\u00f4tel Casa Melo Alvim (pr\u00e8s de la gare de Viana).<\/p><\/li><li><p>Chez Taverna do Valentin (restaurant de poissons ferm\u00e9 le dimanche).<\/p><\/li><li><p>Funiculaire pour monter \u00e0 Santa Luzia et \u00e0 la poussada (Restaurant).<\/p><\/li><li><p>Deux beaux mus\u00e9es que j\u2019appr\u00e9cie pour les lieux et l\u2019info :<\/p><ul><li>Mus\u00e9e du folklore tr\u00e8s joli : Museo del Traje de Viana do Castelo.<\/li><\/ul><\/li><\/ul>\t\t\t\t\t\t<\/div>\n\t\t\t\t<\/div>\n\t\t\t\t\t<\/div>\n\t\t<\/div>\n\t\t\t\t\t<\/div>\n\t\t<\/section>\n\t\t\t\t<section class=\"elementor-section elementor-top-section elementor-element elementor-element-6e21ef7b elementor-section-boxed elementor-section-height-default elementor-section-height-default\" data-id=\"6e21ef7b\" data-element_type=\"section\">\n\t\t\t\t\t\t<div class=\"elementor-container elementor-column-gap-default\">\n\t\t\t\t\t<div class=\"elementor-column elementor-col-33 elementor-top-column elementor-element elementor-element-5b2a7b7a\" data-id=\"5b2a7b7a\" data-element_type=\"column\">\n\t\t\t<div class=\"elementor-widget-wrap elementor-element-populated\">\n\t\t\t\t\t\t<div class=\"elementor-element elementor-element-0e89d0d elementor--h-position-center elementor--v-position-middle elementor-arrows-position-inside elementor-pagination-position-inside elementor-widget elementor-widget-slides\" data-id=\"0e89d0d\" data-element_type=\"widget\" data-settings=\"{&quot;navigation&quot;:&quot;both&quot;,&quot;autoplay&quot;:&quot;yes&quot;,&quot;pause_on_hover&quot;:&quot;yes&quot;,&quot;pause_on_interaction&quot;:&quot;yes&quot;,&quot;autoplay_speed&quot;:5000,&quot;infinite&quot;:&quot;yes&quot;,&quot;transition&quot;:&quot;slide&quot;,&quot;transition_speed&quot;:500}\" data-widget_type=\"slides.default\">\n\t\t\t\t<div class=\"elementor-widget-container\">\n\t\t\t\t\t<div class=\"elementor-swiper\">\n\t\t\t<div class=\"elementor-slides-wrapper elementor-main-swiper swiper\" dir=\"ltr\" data-animation=\"fadeInUp\">\n\t\t\t\t<div class=\"swiper-wrapper elementor-slides\">\n\t\t\t\t\t\t\t\t\t\t<div class=\"elementor-repeater-item-47ed310 swiper-slide\"><div class=\"swiper-slide-bg\" role=\"img\"><\/div><div class=\"swiper-slide-inner\" ><div class=\"swiper-slide-contents\"><\/div><\/div><\/div>\t\t\t\t<\/div>\n\t\t\t\t\t\t\t<\/div>\n\t\t<\/div>\n\t\t\t\t<\/div>\n\t\t\t\t<\/div>\n\t\t\t\t\t<\/div>\n\t\t<\/div>\n\t\t\t\t<div class=\"elementor-column elementor-col-66 elementor-top-column elementor-element elementor-element-deeef02\" data-id=\"deeef02\" data-element_type=\"column\">\n\t\t\t<div class=\"elementor-widget-wrap elementor-element-populated\">\n\t\t\t\t\t\t<div class=\"elementor-element elementor-element-13ad2b7f elementor-widget elementor-widget-text-editor\" data-id=\"13ad2b7f\" data-element_type=\"widget\" data-widget_type=\"text-editor.default\">\n\t\t\t\t<div class=\"elementor-widget-container\">\n\t\t\t\t\t\t\t<p><strong><u>Le bon vin.<\/u><\/strong><\/p><p>La r\u00e9gion de Mon\u00e7ao est tr\u00e8s connue pour son vin blanc qui s\u2019appelle Alvarinho.<br \/>Mus\u00e9e du vin sur la place de Mon\u00e7ao<\/p>\t\t\t\t\t\t<\/div>\n\t\t\t\t<\/div>\n\t\t\t\t\t<\/div>\n\t\t<\/div>\n\t\t\t\t\t<\/div>\n\t\t<\/section>\n\t\t\t\t<section class=\"elementor-section elementor-top-section elementor-element elementor-element-2f527cfc elementor-section-boxed elementor-section-height-default elementor-section-height-default\" data-id=\"2f527cfc\" data-element_type=\"section\">\n\t\t\t\t\t\t<div class=\"elementor-container elementor-column-gap-default\">\n\t\t\t\t\t<div class=\"elementor-column elementor-col-33 elementor-top-column elementor-element elementor-element-4d889452\" data-id=\"4d889452\" data-element_type=\"column\">\n\t\t\t<div class=\"elementor-widget-wrap elementor-element-populated\">\n\t\t\t\t\t\t<div class=\"elementor-element elementor-element-97b0ab2 elementor--h-position-center elementor--v-position-middle elementor-arrows-position-inside elementor-pagination-position-inside elementor-widget elementor-widget-slides\" data-id=\"97b0ab2\" data-element_type=\"widget\" data-settings=\"{&quot;navigation&quot;:&quot;both&quot;,&quot;autoplay&quot;:&quot;yes&quot;,&quot;pause_on_hover&quot;:&quot;yes&quot;,&quot;pause_on_interaction&quot;:&quot;yes&quot;,&quot;autoplay_speed&quot;:5000,&quot;infinite&quot;:&quot;yes&quot;,&quot;transition&quot;:&quot;slide&quot;,&quot;transition_speed&quot;:500}\" data-widget_type=\"slides.default\">\n\t\t\t\t<div class=\"elementor-widget-container\">\n\t\t\t\t\t<div class=\"elementor-swiper\">\n\t\t\t<div class=\"elementor-slides-wrapper elementor-main-swiper swiper\" dir=\"ltr\" data-animation=\"fadeInUp\">\n\t\t\t\t<div class=\"swiper-wrapper elementor-slides\">\n\t\t\t\t\t\t\t\t\t\t<div class=\"elementor-repeater-item-47ed310 swiper-slide\"><div class=\"swiper-slide-bg\" role=\"img\"><\/div><div class=\"swiper-slide-inner\" ><div class=\"swiper-slide-contents\"><\/div><\/div><\/div>\t\t\t\t<\/div>\n\t\t\t\t\t\t\t<\/div>\n\t\t<\/div>\n\t\t\t\t<\/div>\n\t\t\t\t<\/div>\n\t\t\t\t\t<\/div>\n\t\t<\/div>\n\t\t\t\t<div class=\"elementor-column elementor-col-66 elementor-top-column elementor-element elementor-element-685d6777\" data-id=\"685d6777\" data-element_type=\"column\">\n\t\t\t<div class=\"elementor-widget-wrap elementor-element-populated\">\n\t\t\t\t\t\t<div class=\"elementor-element elementor-element-2505e772 elementor-widget elementor-widget-text-editor\" data-id=\"2505e772\" data-element_type=\"widget\" data-widget_type=\"text-editor.default\">\n\t\t\t\t<div class=\"elementor-widget-container\">\n\t\t\t\t\t\t\t<p><strong>Palacio de Brejoeira<\/strong><br \/><strong>Adresse<\/strong>: Pal\u00e1cio da Brejoeira, Pinheiros, 4950-660 Mon\u00e7\u00e3o, Portugal <br \/><strong>T\u00e9l\u00e9phone<\/strong>: +351 251 666 129<\/p><p><strong>Informations<\/strong> :<\/p><ul><li>Ch\u00e2teau magnifique avec une histoire captivante.<\/li><li>Demeure, jardins et caves \u00e0 explorer.<\/li><li>Visite riche en histoire et en d\u00e9couvertes viticoles.<\/li><li>D\u00e9gustation de vin disponible sur r\u00e9servation.<\/li><li>Le mus\u00e9e est ouvert tous les jours.<\/li><\/ul><div class=\"QsDR1c\"><div class=\"wDYxhc\" lang=\"fr-FR\" data-attrid=\"kc:\/location\/location:address\" data-md=\"1002\" data-hveid=\"CFkQAA\" data-ved=\"2ahUKEwi6qrTGxuP_AhXTRaQEHRpBDOwQkCl6BAhZEAA\"><div class=\"Z1hOCe\"><div class=\"zloOqf PZPZlf\" data-dtype=\"d3ifr\" data-local-attribute=\"d3adr\" data-ved=\"2ahUKEwi6qrTGxuP_AhXTRaQEHRpBDOwQghwoAHoECFkQAQ\">\u00a0<\/div><\/div><\/div><\/div>\t\t\t\t\t\t<\/div>\n\t\t\t\t<\/div>\n\t\t\t\t\t<\/div>\n\t\t<\/div>\n\t\t\t\t\t<\/div>\n\t\t<\/section>\n\t\t\t\t<section class=\"elementor-section elementor-top-section elementor-element elementor-element-6295c94 elementor-section-boxed elementor-section-height-default elementor-section-height-default\" data-id=\"6295c94\" data-element_type=\"section\">\n\t\t\t\t\t\t<div class=\"elementor-container elementor-column-gap-default\">\n\t\t\t\t\t<div class=\"elementor-column elementor-col-33 elementor-top-column elementor-element elementor-element-b434508\" data-id=\"b434508\" data-element_type=\"column\">\n\t\t\t<div class=\"elementor-widget-wrap elementor-element-populated\">\n\t\t\t\t\t\t<div class=\"elementor-element elementor-element-9caa849 elementor--h-position-center elementor--v-position-middle elementor-arrows-position-inside elementor-pagination-position-inside elementor-widget elementor-widget-slides\" data-id=\"9caa849\" data-element_type=\"widget\" data-settings=\"{&quot;navigation&quot;:&quot;both&quot;,&quot;autoplay&quot;:&quot;yes&quot;,&quot;pause_on_hover&quot;:&quot;yes&quot;,&quot;pause_on_interaction&quot;:&quot;yes&quot;,&quot;autoplay_speed&quot;:5000,&quot;infinite&quot;:&quot;yes&quot;,&quot;transition&quot;:&quot;slide&quot;,&quot;transition_speed&quot;:500}\" data-widget_type=\"slides.default\">\n\t\t\t\t<div class=\"elementor-widget-container\">\n\t\t\t\t\t<div class=\"elementor-swiper\">\n\t\t\t<div class=\"elementor-slides-wrapper elementor-main-swiper swiper\" dir=\"ltr\" data-animation=\"fadeInUp\">\n\t\t\t\t<div class=\"swiper-wrapper elementor-slides\">\n\t\t\t\t\t\t\t\t\t\t<div class=\"elementor-repeater-item-47ed310 swiper-slide\"><div class=\"swiper-slide-bg\" role=\"img\"><\/div><div class=\"swiper-slide-inner\" ><div class=\"swiper-slide-contents\"><\/div><\/div><\/div>\t\t\t\t<\/div>\n\t\t\t\t\t\t\t<\/div>\n\t\t<\/div>\n\t\t\t\t<\/div>\n\t\t\t\t<\/div>\n\t\t\t\t\t<\/div>\n\t\t<\/div>\n\t\t\t\t<div class=\"elementor-column elementor-col-66 elementor-top-column elementor-element elementor-element-5e78cae\" data-id=\"5e78cae\" data-element_type=\"column\">\n\t\t\t<div class=\"elementor-widget-wrap elementor-element-populated\">\n\t\t\t\t\t\t<div class=\"elementor-element elementor-element-5ec68b3 elementor-widget elementor-widget-text-editor\" data-id=\"5ec68b3\" data-element_type=\"widget\" data-widget_type=\"text-editor.default\">\n\t\t\t\t<div class=\"elementor-widget-container\">\n\t\t\t\t\t\t\t<p><strong>PONTE DE LIMA<\/strong>\u00a0:\u00a0 \u00e0 mi-chemin entre Porto et Badim, vous pourrez visiter la petite ville de Ponte de Lima\u00a0: une des plus vieilles villes du Portugal avec son c\u00e9l\u00e9brissime pont romain. Des jardins, des artisans et de bons restaurants pour une \u00e9tape id\u00e9ale en venant de l\u2019a\u00e9roport.<\/p>\t\t\t\t\t\t<\/div>\n\t\t\t\t<\/div>\n\t\t\t\t\t<\/div>\n\t\t<\/div>\n\t\t\t\t\t<\/div>\n\t\t<\/section>\n\t\t\t\t<section class=\"elementor-section elementor-top-section elementor-element elementor-element-f5123bb elementor-section-boxed elementor-section-height-default elementor-section-height-default\" data-id=\"f5123bb\" data-element_type=\"section\">\n\t\t\t\t\t\t<div class=\"elementor-container elementor-column-gap-default\">\n\t\t\t\t\t<div class=\"elementor-column elementor-col-100 elementor-top-column elementor-element elementor-element-fe62a18\" data-id=\"fe62a18\" data-element_type=\"column\">\n\t\t\t<div class=\"elementor-widget-wrap elementor-element-populated\">\n\t\t\t\t\t\t<div class=\"elementor-element elementor-element-1fe5703 elementor-widget elementor-widget-text-editor\" data-id=\"1fe5703\" data-element_type=\"widget\" data-widget_type=\"text-editor.default\">\n\t\t\t\t<div class=\"elementor-widget-container\">\n\t\t\t\t\t\t\t<p><strong>Activit\u00e9s Nature \u2013 Sant\u00e9<\/strong><\/p>\t\t\t\t\t\t<\/div>\n\t\t\t\t<\/div>\n\t\t\t\t\t<\/div>\n\t\t<\/div>\n\t\t\t\t\t<\/div>\n\t\t<\/section>\n\t\t\t\t<section class=\"elementor-section elementor-top-section elementor-element elementor-element-23a6078d elementor-section-boxed elementor-section-height-default elementor-section-height-default\" data-id=\"23a6078d\" data-element_type=\"section\">\n\t\t\t\t\t\t<div class=\"elementor-container elementor-column-gap-default\">\n\t\t\t\t\t<div class=\"elementor-column elementor-col-100 elementor-top-column elementor-element elementor-element-225a25e4\" data-id=\"225a25e4\" data-element_type=\"column\">\n\t\t\t<div class=\"elementor-widget-wrap elementor-element-populated\">\n\t\t\t\t\t\t<div class=\"elementor-element elementor-element-7ec97591 elementor-widget elementor-widget-text-editor\" data-id=\"7ec97591\" data-element_type=\"widget\" data-widget_type=\"text-editor.default\">\n\t\t\t\t<div class=\"elementor-widget-container\">\n\t\t\t\t\t\t\t<p>Notre propri\u00e9t\u00e9 est un lieu id\u00e9al pour la marche m\u00e9ditative. Vous \u00eates libres de vous promener partout et de faire le tour en 2 heures. Vous pouvez vous arr\u00eater pour lire, m\u00e9diter, dormir dans les hamacs ou simplement admirer le paysage tout en \u00e9coutant les oiseaux.<\/p><p>Badim est entour\u00e9 de collines et de verdure, offrant des promenades balis\u00e9es de diff\u00e9rentes longueurs. Le village est une invitation \u00e0 la promenade.<\/p><p>\u00c0 5 km de Badim, vous trouverez les plages fluviales telles que celle de Pedro Macao. C&rsquo;est un bel objectif de marche pour profiter d&rsquo;une baignade et d\u00e9couvrir le site tout en pique-niquant. Vous y trouverez des plages et de l&rsquo;ombre.<\/p><p>Mon\u00e7ao est renomm\u00e9 pour ses thermes int\u00e9rieurs proposant des piscines et des jets relaxants, ainsi qu&rsquo;un sauna, un hammam et une piscine \u00e0 bulles d&rsquo;eau ferrugineuse. Sur r\u00e9servation, l&rsquo;entr\u00e9e est de 12 \u20ac par personne avec l&rsquo;obligation de porter un bonnet de bain et des chaussures. Pour r\u00e9server, contactez les Thermes de Mon\u00e7ao au 00351 251 648 367. Vous trouverez \u00e9galement une piscine municipale int\u00e9rieure et ext\u00e9rieure, un gymnase, des terrains de basket, etc.<\/p><p>\u00c0 1 km de Mon\u00e7ao, du c\u00f4t\u00e9 espagnol, vous trouverez des thermes ext\u00e9rieurs avec des piscines d&rsquo;eau chaude (41 degr\u00e9s), d&rsquo;eau ti\u00e8de et froide, pr\u00e8s du Minho \u00e0 Salvaterra do Minho (ouvert tous les jours sauf le lundi et le mardi). Pour plus d&rsquo;informations, appelez le 0034 617 148 866.<\/p><p>Les amateurs de v\u00e9lo seront s\u00e9duits par les villages environnants. Mon\u00e7ao propose une belle \u00e9copiste, un circuit cyclable de 20 km allant de Mon\u00e7ao \u00e0 Valen\u00e7a. C&rsquo;est un itin\u00e9raire tr\u00e8s s\u00e9curis\u00e9, m\u00eame avec des enfants. Ne manquez pas la visite de la ville et des fortifications de Valen\u00e7a, connues pour leurs magasins proposant des v\u00eatements \u00e0 prix abordable.<\/p><p>Les amateurs de kayaks peuvent contacter Subzonextreme pour faire du rafting ou du kayak sur le Minho. Vous pouvez les contacter sur leur site web subzone.pt ou au 00351 963 761 577.<\/p><p>Le parc national Peneda-Ger\u00eas, un \u00e9crin de verdure bien connu pr\u00e8s de Badim, est une r\u00e9serve naturelle pr\u00e9serv\u00e9e qui s&rsquo;\u00e9tend sur 70 000 km\u00b2. Ne manquez pas le charmant village de Sistelo, surnomm\u00e9 le petit Tibet, avec ses terrasses et sa nature pr\u00e9serv\u00e9e. Si vous pr\u00e9voyez une journ\u00e9e de randonn\u00e9e dans le parc, il est conseill\u00e9 d&rsquo;acheter une carte pour vous orienter.<\/p>\t\t\t\t\t\t<\/div>\n\t\t\t\t<\/div>\n\t\t\t\t\t<\/div>\n\t\t<\/div>\n\t\t\t\t\t<\/div>\n\t\t<\/section>\n\t\t\t\t<\/div>\n\t\t","protected":false},"excerpt":{"rendered":"<p>Un beau moyen de visiter la r\u00e9gion de fa\u00e7on touristique est de prendre le train \u00e0 Valen\u00e7a et d\u2019aller \u00e0 Viana ou \u00e0 la plage de Caminha ou Moledo. Le petit train longe la mer et c\u2019est ravissant. VIANA DO CASTELO : \u00c0 1h30 de Badim, Viana est la grande ville de la r\u00e9gion. Ses [&hellip;]<\/p>\n","protected":false},"author":1,"featured_media":0,"parent":0,"menu_order":0,"comment_status":"closed","ping_status":"closed","template":"elementor_header_footer","meta":{"footnotes":""},"class_list":["post-2670","page","type-page","status-publish","hentry"],"jetpack_sharing_enabled":true,"_links":{"self":[{"href":"https:\/\/orefugionasvinhas.com\/fr\/wp-json\/wp\/v2\/pages\/2670","targetHints":{"allow":["GET"]}}],"collection":[{"href":"https:\/\/orefugionasvinhas.com\/fr\/wp-json\/wp\/v2\/pages"}],"about":[{"href":"https:\/\/orefugionasvinhas.com\/fr\/wp-json\/wp\/v2\/types\/page"}],"author":[{"embeddable":true,"href":"https:\/\/orefugionasvinhas.com\/fr\/wp-json\/wp\/v2\/users\/1"}],"replies":[{"embeddable":true,"href":"https:\/\/orefugionasvinhas.com\/fr\/wp-json\/wp\/v2\/comments?post=2670"}],"version-history":[{"count":16,"href":"https:\/\/orefugionasvinhas.com\/fr\/wp-json\/wp\/v2\/pages\/2670\/revisions"}],"predecessor-version":[{"id":4144,"href":"https:\/\/orefugionasvinhas.com\/fr\/wp-json\/wp\/v2\/pages\/2670\/revisions\/4144"}],"wp:attachment":[{"href":"https:\/\/orefugionasvinhas.com\/fr\/wp-json\/wp\/v2\/media?parent=2670"}],"curies":[{"name":"wp","href":"https:\/\/api.w.org\/{rel}","templated":true}]}}