{"id":2670,"date":"2023-05-22T19:46:47","date_gmt":"2023-05-22T17:46:47","guid":{"rendered":"https:\/\/orefugionasvinhas.com\/?page_id=2670"},"modified":"2023-12-07T22:47:55","modified_gmt":"2023-12-07T21:47:55","slug":"a-visiter","status":"publish","type":"page","link":"https:\/\/orefugionasvinhas.com\/pt\/a-visiter\/","title":{"rendered":"Para visitar"},"content":{"rendered":"<div data-elementor-type=\"wp-page\" data-elementor-id=\"2670\" class=\"elementor elementor-2670\" data-elementor-post-type=\"page\">\n\t\t\t\t\t\t<section class=\"elementor-section elementor-top-section elementor-element elementor-element-2e81b9dd elementor-section-full_width elementor-section-stretched elementor-section-height-default elementor-section-height-default\" data-id=\"2e81b9dd\" data-element_type=\"section\" data-settings=\"{&quot;stretch_section&quot;:&quot;section-stretched&quot;,&quot;background_background&quot;:&quot;classic&quot;}\">\n\t\t\t\t\t\t<div class=\"elementor-container elementor-column-gap-no\">\n\t\t\t\t\t<div class=\"elementor-column elementor-col-100 elementor-top-column elementor-element elementor-element-30e7932c\" data-id=\"30e7932c\" data-element_type=\"column\" data-settings=\"{&quot;background_background&quot;:&quot;classic&quot;}\">\n\t\t\t<div class=\"elementor-widget-wrap elementor-element-populated\">\n\t\t\t\t\t\t<div class=\"elementor-element elementor-element-fb4b0fc elementor--h-position-center elementor--v-position-middle elementor-arrows-position-inside elementor-pagination-position-inside elementor-widget elementor-widget-slides\" data-id=\"fb4b0fc\" data-element_type=\"widget\" data-settings=\"{&quot;navigation&quot;:&quot;both&quot;,&quot;autoplay&quot;:&quot;yes&quot;,&quot;pause_on_hover&quot;:&quot;yes&quot;,&quot;pause_on_interaction&quot;:&quot;yes&quot;,&quot;autoplay_speed&quot;:5000,&quot;infinite&quot;:&quot;yes&quot;,&quot;transition&quot;:&quot;slide&quot;,&quot;transition_speed&quot;:500}\" data-widget_type=\"slides.default\">\n\t\t\t\t<div class=\"elementor-widget-container\">\n\t\t\t\t\t<div class=\"elementor-swiper\">\n\t\t\t<div class=\"elementor-slides-wrapper elementor-main-swiper swiper\" dir=\"ltr\" data-animation=\"fadeInUp\">\n\t\t\t\t<div class=\"swiper-wrapper elementor-slides\">\n\t\t\t\t\t\t\t\t\t\t<div class=\"elementor-repeater-item-53c9dee swiper-slide\"><div class=\"swiper-slide-bg\" role=\"img\"><\/div><div class=\"swiper-slide-inner\" ><div class=\"swiper-slide-contents\"><div class=\"elementor-slide-heading\">Para visitar<\/div><div class=\"elementor-slide-description\">Uma boa maneira de visitar a regi\u00e3o \u00e9 apanhar o comboio de Valen\u00e7a para Viana ou para as praias de Caminha ou Moledo.<\/div><\/div><\/div><\/div>\t\t\t\t<\/div>\n\t\t\t\t\t\t\t<\/div>\n\t\t<\/div>\n\t\t\t\t<\/div>\n\t\t\t\t<\/div>\n\t\t\t\t\t<\/div>\n\t\t<\/div>\n\t\t\t\t\t<\/div>\n\t\t<\/section>\n\t\t\t\t<section class=\"elementor-section elementor-top-section elementor-element elementor-element-6e92f0e0 elementor-section-boxed elementor-section-height-default elementor-section-height-default\" data-id=\"6e92f0e0\" data-element_type=\"section\">\n\t\t\t\t\t\t<div class=\"elementor-container elementor-column-gap-default\">\n\t\t\t\t\t<div class=\"elementor-column elementor-col-100 elementor-top-column elementor-element elementor-element-c5857d7\" data-id=\"c5857d7\" data-element_type=\"column\">\n\t\t\t<div class=\"elementor-widget-wrap elementor-element-populated\">\n\t\t\t\t\t\t<div class=\"elementor-element elementor-element-4aba24d9 elementor-widget elementor-widget-text-editor\" data-id=\"4aba24d9\" data-element_type=\"widget\" data-widget_type=\"text-editor.default\">\n\t\t\t\t<div class=\"elementor-widget-container\">\n\t\t\t\t\t\t\t<p style=\"text-align: center;\">O pequeno comboio passa ao longo do mar e \u00e9 encantador.<\/p>\t\t\t\t\t\t<\/div>\n\t\t\t\t<\/div>\n\t\t\t\t\t<\/div>\n\t\t<\/div>\n\t\t\t\t\t<\/div>\n\t\t<\/section>\n\t\t\t\t<section class=\"elementor-section elementor-top-section elementor-element elementor-element-41d0c1cc elementor-section-boxed elementor-section-height-default elementor-section-height-default\" data-id=\"41d0c1cc\" data-element_type=\"section\">\n\t\t\t\t\t\t<div class=\"elementor-container elementor-column-gap-default\">\n\t\t\t\t\t<div class=\"elementor-column elementor-col-33 elementor-top-column elementor-element elementor-element-177e22d6\" data-id=\"177e22d6\" data-element_type=\"column\" data-settings=\"{&quot;background_background&quot;:&quot;classic&quot;}\">\n\t\t\t<div class=\"elementor-widget-wrap elementor-element-populated\">\n\t\t\t\t\t\t<div class=\"elementor-element elementor-element-4b249742 elementor--h-position-center elementor--v-position-middle elementor-arrows-position-inside elementor-pagination-position-inside elementor-widget elementor-widget-slides\" data-id=\"4b249742\" data-element_type=\"widget\" data-settings=\"{&quot;navigation&quot;:&quot;both&quot;,&quot;autoplay&quot;:&quot;yes&quot;,&quot;pause_on_hover&quot;:&quot;yes&quot;,&quot;pause_on_interaction&quot;:&quot;yes&quot;,&quot;autoplay_speed&quot;:5000,&quot;infinite&quot;:&quot;yes&quot;,&quot;transition&quot;:&quot;slide&quot;,&quot;transition_speed&quot;:500}\" data-widget_type=\"slides.default\">\n\t\t\t\t<div class=\"elementor-widget-container\">\n\t\t\t\t\t<div class=\"elementor-swiper\">\n\t\t\t<div class=\"elementor-slides-wrapper elementor-main-swiper swiper\" dir=\"ltr\" data-animation=\"fadeInUp\">\n\t\t\t\t<div class=\"swiper-wrapper elementor-slides\">\n\t\t\t\t\t\t\t\t\t\t<div class=\"elementor-repeater-item-47ed310 swiper-slide\"><div class=\"swiper-slide-bg\" role=\"img\"><\/div><div class=\"swiper-slide-inner\" ><div class=\"swiper-slide-contents\"><\/div><\/div><\/div>\t\t\t\t<\/div>\n\t\t\t\t\t\t\t<\/div>\n\t\t<\/div>\n\t\t\t\t<\/div>\n\t\t\t\t<\/div>\n\t\t\t\t\t<\/div>\n\t\t<\/div>\n\t\t\t\t<div class=\"elementor-column elementor-col-66 elementor-top-column elementor-element elementor-element-3e7aca88\" data-id=\"3e7aca88\" data-element_type=\"column\">\n\t\t\t<div class=\"elementor-widget-wrap elementor-element-populated\">\n\t\t\t\t\t\t<div class=\"elementor-element elementor-element-2337ae01 elementor-widget elementor-widget-text-editor\" data-id=\"2337ae01\" data-element_type=\"widget\" data-widget_type=\"text-editor.default\">\n\t\t\t\t<div class=\"elementor-widget-container\">\n\t\t\t\t\t\t\t<p><strong>VIANA DO CASTELO :<\/strong><\/p><ul><li>A 1h30 de Badim, Viana \u00e9 a maior cidade da regi\u00e3o. As suas praias, o seu porto, a sua soberba poussada nas alturas da cidade junto a Santa Luzia (a igreja nas alturas).<\/li><\/ul><p><strong><br \/>\u00a0 \u00a0 \u00a0Para fixar :<\/strong><\/p><ul><li><p>A Poussada de Viana.<\/p><\/li><li><p>O restaurante do hotel Casa Melo Alvim (perto da esta\u00e7\u00e3o de Viana).<\/p><\/li><li><p>Taverna do Valentin (restaurante de peixe fechado aos domingos).<\/p><\/li><li><p>Funicular para Santa Luzia e a poussada (restaurante).<\/p><\/li><li><p>Dois belos museus que aprecio pela sua localiza\u00e7\u00e3o e informa\u00e7\u00e3o:<\/p><ul><li>Museu de folclore muito atrativo: Museu do Traje de Viana do Castelo.<\/li><\/ul><\/li><\/ul>\t\t\t\t\t\t<\/div>\n\t\t\t\t<\/div>\n\t\t\t\t\t<\/div>\n\t\t<\/div>\n\t\t\t\t\t<\/div>\n\t\t<\/section>\n\t\t\t\t<section class=\"elementor-section elementor-top-section elementor-element elementor-element-6e21ef7b elementor-section-boxed elementor-section-height-default elementor-section-height-default\" data-id=\"6e21ef7b\" data-element_type=\"section\">\n\t\t\t\t\t\t<div class=\"elementor-container elementor-column-gap-default\">\n\t\t\t\t\t<div class=\"elementor-column elementor-col-33 elementor-top-column elementor-element elementor-element-5b2a7b7a\" data-id=\"5b2a7b7a\" data-element_type=\"column\">\n\t\t\t<div class=\"elementor-widget-wrap elementor-element-populated\">\n\t\t\t\t\t\t<div class=\"elementor-element elementor-element-0e89d0d elementor--h-position-center elementor--v-position-middle elementor-arrows-position-inside elementor-pagination-position-inside elementor-widget elementor-widget-slides\" data-id=\"0e89d0d\" data-element_type=\"widget\" data-settings=\"{&quot;navigation&quot;:&quot;both&quot;,&quot;autoplay&quot;:&quot;yes&quot;,&quot;pause_on_hover&quot;:&quot;yes&quot;,&quot;pause_on_interaction&quot;:&quot;yes&quot;,&quot;autoplay_speed&quot;:5000,&quot;infinite&quot;:&quot;yes&quot;,&quot;transition&quot;:&quot;slide&quot;,&quot;transition_speed&quot;:500}\" data-widget_type=\"slides.default\">\n\t\t\t\t<div class=\"elementor-widget-container\">\n\t\t\t\t\t<div class=\"elementor-swiper\">\n\t\t\t<div class=\"elementor-slides-wrapper elementor-main-swiper swiper\" dir=\"ltr\" data-animation=\"fadeInUp\">\n\t\t\t\t<div class=\"swiper-wrapper elementor-slides\">\n\t\t\t\t\t\t\t\t\t\t<div class=\"elementor-repeater-item-47ed310 swiper-slide\"><div class=\"swiper-slide-bg\" role=\"img\"><\/div><div class=\"swiper-slide-inner\" ><div class=\"swiper-slide-contents\"><\/div><\/div><\/div>\t\t\t\t<\/div>\n\t\t\t\t\t\t\t<\/div>\n\t\t<\/div>\n\t\t\t\t<\/div>\n\t\t\t\t<\/div>\n\t\t\t\t\t<\/div>\n\t\t<\/div>\n\t\t\t\t<div class=\"elementor-column elementor-col-66 elementor-top-column elementor-element elementor-element-deeef02\" data-id=\"deeef02\" data-element_type=\"column\">\n\t\t\t<div class=\"elementor-widget-wrap elementor-element-populated\">\n\t\t\t\t\t\t<div class=\"elementor-element elementor-element-13ad2b7f elementor-widget elementor-widget-text-editor\" data-id=\"13ad2b7f\" data-element_type=\"widget\" data-widget_type=\"text-editor.default\">\n\t\t\t\t<div class=\"elementor-widget-container\">\n\t\t\t\t\t\t\t<p><strong><u>Bom vinho.<\/u><\/strong><\/p><p>A regi\u00e3o de Mon\u00e7\u00e3o \u00e9 famosa pelo seu vinho branco chamado Alvarinho.<br \/>Museu do Vinho na pra\u00e7a de Mon\u00e7\u00e3o<\/p>\t\t\t\t\t\t<\/div>\n\t\t\t\t<\/div>\n\t\t\t\t\t<\/div>\n\t\t<\/div>\n\t\t\t\t\t<\/div>\n\t\t<\/section>\n\t\t\t\t<section class=\"elementor-section elementor-top-section elementor-element elementor-element-2f527cfc elementor-section-boxed elementor-section-height-default elementor-section-height-default\" data-id=\"2f527cfc\" data-element_type=\"section\">\n\t\t\t\t\t\t<div class=\"elementor-container elementor-column-gap-default\">\n\t\t\t\t\t<div class=\"elementor-column elementor-col-33 elementor-top-column elementor-element elementor-element-4d889452\" data-id=\"4d889452\" data-element_type=\"column\">\n\t\t\t<div class=\"elementor-widget-wrap elementor-element-populated\">\n\t\t\t\t\t\t<div class=\"elementor-element elementor-element-97b0ab2 elementor--h-position-center elementor--v-position-middle elementor-arrows-position-inside elementor-pagination-position-inside elementor-widget elementor-widget-slides\" data-id=\"97b0ab2\" data-element_type=\"widget\" data-settings=\"{&quot;navigation&quot;:&quot;both&quot;,&quot;autoplay&quot;:&quot;yes&quot;,&quot;pause_on_hover&quot;:&quot;yes&quot;,&quot;pause_on_interaction&quot;:&quot;yes&quot;,&quot;autoplay_speed&quot;:5000,&quot;infinite&quot;:&quot;yes&quot;,&quot;transition&quot;:&quot;slide&quot;,&quot;transition_speed&quot;:500}\" data-widget_type=\"slides.default\">\n\t\t\t\t<div class=\"elementor-widget-container\">\n\t\t\t\t\t<div class=\"elementor-swiper\">\n\t\t\t<div class=\"elementor-slides-wrapper elementor-main-swiper swiper\" dir=\"ltr\" data-animation=\"fadeInUp\">\n\t\t\t\t<div class=\"swiper-wrapper elementor-slides\">\n\t\t\t\t\t\t\t\t\t\t<div class=\"elementor-repeater-item-47ed310 swiper-slide\"><div class=\"swiper-slide-bg\" role=\"img\"><\/div><div class=\"swiper-slide-inner\" ><div class=\"swiper-slide-contents\"><\/div><\/div><\/div>\t\t\t\t<\/div>\n\t\t\t\t\t\t\t<\/div>\n\t\t<\/div>\n\t\t\t\t<\/div>\n\t\t\t\t<\/div>\n\t\t\t\t\t<\/div>\n\t\t<\/div>\n\t\t\t\t<div class=\"elementor-column elementor-col-66 elementor-top-column elementor-element elementor-element-685d6777\" data-id=\"685d6777\" data-element_type=\"column\">\n\t\t\t<div class=\"elementor-widget-wrap elementor-element-populated\">\n\t\t\t\t\t\t<div class=\"elementor-element elementor-element-2505e772 elementor-widget elementor-widget-text-editor\" data-id=\"2505e772\" data-element_type=\"widget\" data-widget_type=\"text-editor.default\">\n\t\t\t\t<div class=\"elementor-widget-container\">\n\t\t\t\t\t\t\t<p><strong>Pal\u00e1cio da Brejoeira<\/strong><br \/><strong>Endere\u00e7o<\/strong>Pal\u00e1cio da Brejoeira, Pinheiros, 4950-660 Mon\u00e7\u00e3o, Portugal <br \/><strong>Telefone<\/strong>: +351 251 666 129<\/p><p><strong>Informa\u00e7\u00f5es<\/strong> :<\/p><ul><li>Um castelo magn\u00edfico com uma hist\u00f3ria cativante.<\/li><li>Mans\u00e3o, jardins e adegas para explorar.<\/li><li>Uma visita rica em hist\u00f3ria e descobertas vin\u00edcolas.<\/li><li>Prova de vinhos dispon\u00edvel mediante acordo pr\u00e9vio.<\/li><li>O museu est\u00e1 aberto todos os dias.<\/li><\/ul><div class=\"QsDR1c\"><div class=\"wDYxhc\" lang=\"fr-FR\" data-attrid=\"kc:\/location\/location:address\" data-md=\"1002\" data-hveid=\"CFkQAA\" data-ved=\"2ahUKEwi6qrTGxuP_AhXTRaQEHRpBDOwQkCl6BAhZEAA\"><div class=\"Z1hOCe\"><div class=\"zloOqf PZPZlf\" data-dtype=\"d3ifr\" data-local-attribute=\"d3adr\" data-ved=\"2ahUKEwi6qrTGxuP_AhXTRaQEHRpBDOwQghwoAHoECFkQAQ\">\u00a0<\/div><\/div><\/div><\/div>\t\t\t\t\t\t<\/div>\n\t\t\t\t<\/div>\n\t\t\t\t\t<\/div>\n\t\t<\/div>\n\t\t\t\t\t<\/div>\n\t\t<\/section>\n\t\t\t\t<section class=\"elementor-section elementor-top-section elementor-element elementor-element-6295c94 elementor-section-boxed elementor-section-height-default elementor-section-height-default\" data-id=\"6295c94\" data-element_type=\"section\">\n\t\t\t\t\t\t<div class=\"elementor-container elementor-column-gap-default\">\n\t\t\t\t\t<div class=\"elementor-column elementor-col-33 elementor-top-column elementor-element elementor-element-b434508\" data-id=\"b434508\" data-element_type=\"column\">\n\t\t\t<div class=\"elementor-widget-wrap elementor-element-populated\">\n\t\t\t\t\t\t<div class=\"elementor-element elementor-element-9caa849 elementor--h-position-center elementor--v-position-middle elementor-arrows-position-inside elementor-pagination-position-inside elementor-widget elementor-widget-slides\" data-id=\"9caa849\" data-element_type=\"widget\" data-settings=\"{&quot;navigation&quot;:&quot;both&quot;,&quot;autoplay&quot;:&quot;yes&quot;,&quot;pause_on_hover&quot;:&quot;yes&quot;,&quot;pause_on_interaction&quot;:&quot;yes&quot;,&quot;autoplay_speed&quot;:5000,&quot;infinite&quot;:&quot;yes&quot;,&quot;transition&quot;:&quot;slide&quot;,&quot;transition_speed&quot;:500}\" data-widget_type=\"slides.default\">\n\t\t\t\t<div class=\"elementor-widget-container\">\n\t\t\t\t\t<div class=\"elementor-swiper\">\n\t\t\t<div class=\"elementor-slides-wrapper elementor-main-swiper swiper\" dir=\"ltr\" data-animation=\"fadeInUp\">\n\t\t\t\t<div class=\"swiper-wrapper elementor-slides\">\n\t\t\t\t\t\t\t\t\t\t<div class=\"elementor-repeater-item-47ed310 swiper-slide\"><div class=\"swiper-slide-bg\" role=\"img\"><\/div><div class=\"swiper-slide-inner\" ><div class=\"swiper-slide-contents\"><\/div><\/div><\/div>\t\t\t\t<\/div>\n\t\t\t\t\t\t\t<\/div>\n\t\t<\/div>\n\t\t\t\t<\/div>\n\t\t\t\t<\/div>\n\t\t\t\t\t<\/div>\n\t\t<\/div>\n\t\t\t\t<div class=\"elementor-column elementor-col-66 elementor-top-column elementor-element elementor-element-5e78cae\" data-id=\"5e78cae\" data-element_type=\"column\">\n\t\t\t<div class=\"elementor-widget-wrap elementor-element-populated\">\n\t\t\t\t\t\t<div class=\"elementor-element elementor-element-5ec68b3 elementor-widget elementor-widget-text-editor\" data-id=\"5ec68b3\" data-element_type=\"widget\" data-widget_type=\"text-editor.default\">\n\t\t\t\t<div class=\"elementor-widget-container\">\n\t\t\t\t\t\t\t<p><strong>PONTE DE LIMA<\/strong>\u00a0Ponte de Lima: a meio caminho entre o Porto e Badim, pode visitar a pequena vila de Ponte de Lima: uma das mais antigas vilas de Portugal, com a sua famosa ponte romana. Jardins, artes\u00e3os e bons restaurantes fazem desta vila uma paragem ideal no regresso do aeroporto.<\/p>\t\t\t\t\t\t<\/div>\n\t\t\t\t<\/div>\n\t\t\t\t\t<\/div>\n\t\t<\/div>\n\t\t\t\t\t<\/div>\n\t\t<\/section>\n\t\t\t\t<section class=\"elementor-section elementor-top-section elementor-element elementor-element-f5123bb elementor-section-boxed elementor-section-height-default elementor-section-height-default\" data-id=\"f5123bb\" data-element_type=\"section\">\n\t\t\t\t\t\t<div class=\"elementor-container elementor-column-gap-default\">\n\t\t\t\t\t<div class=\"elementor-column elementor-col-100 elementor-top-column elementor-element elementor-element-fe62a18\" data-id=\"fe62a18\" data-element_type=\"column\">\n\t\t\t<div class=\"elementor-widget-wrap elementor-element-populated\">\n\t\t\t\t\t\t<div class=\"elementor-element elementor-element-1fe5703 elementor-widget elementor-widget-text-editor\" data-id=\"1fe5703\" data-element_type=\"widget\" data-widget_type=\"text-editor.default\">\n\t\t\t\t<div class=\"elementor-widget-container\">\n\t\t\t\t\t\t\t<p><strong>Natureza - Actividades de sa\u00fade<\/strong><\/p>\t\t\t\t\t\t<\/div>\n\t\t\t\t<\/div>\n\t\t\t\t\t<\/div>\n\t\t<\/div>\n\t\t\t\t\t<\/div>\n\t\t<\/section>\n\t\t\t\t<section class=\"elementor-section elementor-top-section elementor-element elementor-element-23a6078d elementor-section-boxed elementor-section-height-default elementor-section-height-default\" data-id=\"23a6078d\" data-element_type=\"section\">\n\t\t\t\t\t\t<div class=\"elementor-container elementor-column-gap-default\">\n\t\t\t\t\t<div class=\"elementor-column elementor-col-100 elementor-top-column elementor-element elementor-element-225a25e4\" data-id=\"225a25e4\" data-element_type=\"column\">\n\t\t\t<div class=\"elementor-widget-wrap elementor-element-populated\">\n\t\t\t\t\t\t<div class=\"elementor-element elementor-element-7ec97591 elementor-widget elementor-widget-text-editor\" data-id=\"7ec97591\" data-element_type=\"widget\" data-widget_type=\"text-editor.default\">\n\t\t\t\t<div class=\"elementor-widget-container\">\n\t\t\t\t\t\t\t<p>A nossa propriedade \u00e9 um local ideal para um passeio meditativo. \u00c9 livre para passear pela propriedade, que pode ser completada em 2 horas. Pode parar para ler, meditar, dormir nas redes ou simplesmente admirar a paisagem enquanto ouve os p\u00e1ssaros.<\/p><p>Badim est\u00e1 rodeado de colinas e de vegeta\u00e7\u00e3o, oferecendo passeios sinalizados de diferentes comprimentos. A aldeia \u00e9 um convite para um passeio.<\/p><p>Apenas a 5 km de Badim, encontrar\u00e1 praias fluviais como a de Pedro Macau. \u00c9 um \u00f3timo local para dar um passeio, dar um mergulho e explorar a \u00e1rea enquanto faz um piquenique. Encontrar\u00e1 praias e sombra.<\/p><p>Mon\u00e7ao \u00e9 conhecida pelos seus banhos termais interiores com piscinas e jactos relaxantes, bem como uma sauna, um hammam e uma piscina de bolhas de \u00e1gua de ferro. A entrada custa 12 euros por pessoa, mediante reserva, e \u00e9 obrigat\u00f3rio o uso de touca de banho e cal\u00e7ado. Para reservar, contactar as Termas de Mon\u00e7\u00e3o atrav\u00e9s do n\u00famero 00351 251 648 367. Existe tamb\u00e9m uma piscina municipal interior e exterior, um gin\u00e1sio, campos de basquetebol, etc.<\/p><p>A 1 km de Mon\u00e7\u00e3o, no lado espanhol, encontrar\u00e1 banhos termais ao ar livre com piscinas quentes (41 graus), mornas e frias, junto ao rio Minho, em Salvaterra do Minho (aberto todos os dias, exceto segunda e ter\u00e7a-feira). Para mais informa\u00e7\u00f5es, contactar 0034 617 148 866.<\/p><p>Os entusiastas do ciclismo v\u00e3o adorar as aldeias circundantes. Mon\u00e7\u00e3o oferece um excelente trilho ecol\u00f3gico, uma rota de bicicleta de 20 km de Mon\u00e7\u00e3o a Valen\u00e7a. \u00c9 um percurso muito seguro, mesmo com crian\u00e7as. N\u00e3o perca uma visita \u00e0 cidade e \u00e0s fortifica\u00e7\u00f5es de Valen\u00e7a, famosa pelas suas lojas de roupa a pre\u00e7os acess\u00edveis.<\/p><p>Os entusiastas do caiaque podem contactar a Subzonextreme para fazer rafting ou caiaque no Minho. Pode contact\u00e1-los no site subzone.pt ou atrav\u00e9s do n\u00famero 00351 963 761 577.<\/p><p>O Parque Nacional da Peneda-Ger\u00eas, um cen\u00e1rio verde bem conhecido perto de Badim, \u00e9 uma reserva natural intacta que cobre 70.000 km\u00b2. N\u00e3o perca a encantadora aldeia de Sistelo, apelidada de Pequeno Tibete, com os seus terra\u00e7os e natureza intacta. Se est\u00e1 a planear um dia de caminhadas no parque, \u00e9 uma boa ideia comprar um mapa para o ajudar a orientar-se.<\/p>\t\t\t\t\t\t<\/div>\n\t\t\t\t<\/div>\n\t\t\t\t\t<\/div>\n\t\t<\/div>\n\t\t\t\t\t<\/div>\n\t\t<\/section>\n\t\t\t\t<\/div>","protected":false},"excerpt":{"rendered":"<p>Uma boa maneira de visitar a regi\u00e3o \u00e9 apanhar o comboio de Valen\u00e7a para a praia de Viana, Caminha ou Moledo. O comboiozinho passa ao lado do mar e \u00e9 uma del\u00edcia. VIANA DO CASTELO : A 1h30 de Badim, Viana \u00e9 a maior cidade da regi\u00e3o. A sua [...]<\/p>","protected":false},"author":1,"featured_media":0,"parent":0,"menu_order":0,"comment_status":"closed","ping_status":"closed","template":"elementor_header_footer","meta":{"footnotes":""},"class_list":["post-2670","page","type-page","status-publish","hentry"],"jetpack_sharing_enabled":true,"_links":{"self":[{"href":"https:\/\/orefugionasvinhas.com\/pt\/wp-json\/wp\/v2\/pages\/2670","targetHints":{"allow":["GET"]}}],"collection":[{"href":"https:\/\/orefugionasvinhas.com\/pt\/wp-json\/wp\/v2\/pages"}],"about":[{"href":"https:\/\/orefugionasvinhas.com\/pt\/wp-json\/wp\/v2\/types\/page"}],"author":[{"embeddable":true,"href":"https:\/\/orefugionasvinhas.com\/pt\/wp-json\/wp\/v2\/users\/1"}],"replies":[{"embeddable":true,"href":"https:\/\/orefugionasvinhas.com\/pt\/wp-json\/wp\/v2\/comments?post=2670"}],"version-history":[{"count":16,"href":"https:\/\/orefugionasvinhas.com\/pt\/wp-json\/wp\/v2\/pages\/2670\/revisions"}],"predecessor-version":[{"id":4144,"href":"https:\/\/orefugionasvinhas.com\/pt\/wp-json\/wp\/v2\/pages\/2670\/revisions\/4144"}],"wp:attachment":[{"href":"https:\/\/orefugionasvinhas.com\/pt\/wp-json\/wp\/v2\/media?parent=2670"}],"curies":[{"name":"wp","href":"https:\/\/api.w.org\/{rel}","templated":true}]}}