{"id":2672,"date":"2023-05-22T19:47:04","date_gmt":"2023-05-22T17:47:04","guid":{"rendered":"https:\/\/orefugionasvinhas.com\/?page_id=2672"},"modified":"2024-04-12T19:08:27","modified_gmt":"2024-04-12T17:08:27","slug":"aldea-inclusiva","status":"publish","type":"page","link":"https:\/\/orefugionasvinhas.com\/pt\/aldea-inclusiva\/","title":{"rendered":"Aldeia Inclusiva"},"content":{"rendered":"<div data-elementor-type=\"wp-page\" data-elementor-id=\"2672\" class=\"elementor elementor-2672\" data-elementor-post-type=\"page\">\n\t\t\t\t\t\t<section class=\"elementor-section elementor-top-section elementor-element elementor-element-570360bf elementor-section-full_width elementor-section-stretched elementor-section-height-default elementor-section-height-default\" data-id=\"570360bf\" data-element_type=\"section\" data-settings=\"{&quot;stretch_section&quot;:&quot;section-stretched&quot;}\">\n\t\t\t\t\t\t<div class=\"elementor-container elementor-column-gap-no\">\n\t\t\t\t\t<div class=\"elementor-column elementor-col-100 elementor-top-column elementor-element elementor-element-78e4354c\" data-id=\"78e4354c\" data-element_type=\"column\">\n\t\t\t<div class=\"elementor-widget-wrap elementor-element-populated\">\n\t\t\t\t\t\t<div class=\"elementor-element elementor-element-6b0d4651 elementor--h-position-center elementor--v-position-middle elementor-arrows-position-inside elementor-pagination-position-inside elementor-widget elementor-widget-slides\" data-id=\"6b0d4651\" data-element_type=\"widget\" data-settings=\"{&quot;navigation&quot;:&quot;both&quot;,&quot;autoplay&quot;:&quot;yes&quot;,&quot;pause_on_hover&quot;:&quot;yes&quot;,&quot;pause_on_interaction&quot;:&quot;yes&quot;,&quot;autoplay_speed&quot;:5000,&quot;infinite&quot;:&quot;yes&quot;,&quot;transition&quot;:&quot;slide&quot;,&quot;transition_speed&quot;:500}\" data-widget_type=\"slides.default\">\n\t\t\t\t<div class=\"elementor-widget-container\">\n\t\t\t\t\t<div class=\"elementor-swiper\">\n\t\t\t<div class=\"elementor-slides-wrapper elementor-main-swiper swiper\" dir=\"ltr\" data-animation=\"fadeInUp\">\n\t\t\t\t<div class=\"swiper-wrapper elementor-slides\">\n\t\t\t\t\t\t\t\t\t\t<div class=\"elementor-repeater-item-53c9dee swiper-slide\"><div class=\"swiper-slide-bg\" role=\"img\"><\/div><div class=\"swiper-slide-inner\" ><div class=\"swiper-slide-contents\"><div class=\"elementor-slide-heading\">ALDEIA INCLUSIVA<\/div><div class=\"elementor-slide-description\">ALDEIA INCLUSIVA, uma associa\u00e7\u00e3o para uma verdadeira INCLUS\u00c3O DA DIFEREN\u00c7A<\/div><\/div><\/div><\/div>\t\t\t\t<\/div>\n\t\t\t\t\t\t\t<\/div>\n\t\t<\/div>\n\t\t\t\t<\/div>\n\t\t\t\t<\/div>\n\t\t\t\t\t<\/div>\n\t\t<\/div>\n\t\t\t\t\t<\/div>\n\t\t<\/section>\n\t\t\t\t<section class=\"elementor-section elementor-top-section elementor-element elementor-element-db48796 elementor-section-boxed elementor-section-height-default elementor-section-height-default\" data-id=\"db48796\" data-element_type=\"section\">\n\t\t\t\t\t\t<div class=\"elementor-container elementor-column-gap-default\">\n\t\t\t\t\t<div class=\"elementor-column elementor-col-50 elementor-top-column elementor-element elementor-element-bac5bc8\" data-id=\"bac5bc8\" data-element_type=\"column\">\n\t\t\t<div class=\"elementor-widget-wrap elementor-element-populated\">\n\t\t\t\t\t\t<div class=\"elementor-element elementor-element-8c278f9 elementor-widget elementor-widget-text-editor\" data-id=\"8c278f9\" data-element_type=\"widget\" data-widget_type=\"text-editor.default\">\n\t\t\t\t<div class=\"elementor-widget-container\">\n\t\t\t\t\t\t\t<p>Somos uma associa\u00e7\u00e3o de pais de crian\u00e7as com defici\u00eancia, apoiantes e profissionais que querem criar uma Aldeia Inclusiva. Por outras palavras, um espa\u00e7o onde os nossos jovens adultos com defici\u00eancia possam viver em contacto com a natureza e trabalhar em actividades abertas ao mundo, e n\u00e3o num gueto.<br \/><br \/>N\u00e3o queremos criar um centro fechado onde os nossos filhos envelhecem longe do mundo, fechados em si pr\u00f3prios e incapazes de interagir com as pessoas comuns, partilhando a sua riqueza interior.<\/p>\t\t\t\t\t\t<\/div>\n\t\t\t\t<\/div>\n\t\t\t\t\t<\/div>\n\t\t<\/div>\n\t\t\t\t<div class=\"elementor-column elementor-col-50 elementor-top-column elementor-element elementor-element-850b992\" data-id=\"850b992\" data-element_type=\"column\">\n\t\t\t<div class=\"elementor-widget-wrap elementor-element-populated\">\n\t\t\t\t\t\t<div class=\"elementor-element elementor-element-a1afdbb elementor-widget elementor-widget-image\" data-id=\"a1afdbb\" data-element_type=\"widget\" data-widget_type=\"image.default\">\n\t\t\t\t<div class=\"elementor-widget-container\">\n\t\t\t\t\t\t\t\t\t\t\t\t\t<img fetchpriority=\"high\" decoding=\"async\" width=\"605\" height=\"622\" src=\"https:\/\/orefugionasvinhas.com\/wp-content\/uploads\/2024\/04\/Image1.jpg\" class=\"attachment-full size-full wp-image-4355\" alt=\"\" srcset=\"https:\/\/orefugionasvinhas.com\/wp-content\/uploads\/2024\/04\/Image1.jpg 605w, https:\/\/orefugionasvinhas.com\/wp-content\/uploads\/2024\/04\/Image1-292x300.jpg 292w, https:\/\/orefugionasvinhas.com\/wp-content\/uploads\/2024\/04\/Image1-12x12.jpg 12w\" sizes=\"(max-width: 605px) 100vw, 605px\" \/>\t\t\t\t\t\t\t\t\t\t\t\t\t<\/div>\n\t\t\t\t<\/div>\n\t\t\t\t<div class=\"elementor-element elementor-element-498adb0 elementor-align-center elementor-widget elementor-widget-button\" data-id=\"498adb0\" data-element_type=\"widget\" data-widget_type=\"button.default\">\n\t\t\t\t<div class=\"elementor-widget-container\">\n\t\t\t\t\t\t\t<div class=\"elementor-button-wrapper\">\n\t\t\t\t\t<a class=\"elementor-button elementor-button-link elementor-size-sm\" href=\"https:\/\/www.aldeiainclusiva.pt\/quem-somos\/quem-somos\">\n\t\t\t\t\t\t<span class=\"elementor-button-content-wrapper\">\n\t\t\t\t\t\t\t\t\t<span class=\"elementor-button-text\">Ver o s\u00edtio Web da associa\u00e7\u00e3o<\/span>\n\t\t\t\t\t<\/span>\n\t\t\t\t\t<\/a>\n\t\t\t\t<\/div>\n\t\t\t\t\t\t<\/div>\n\t\t\t\t<\/div>\n\t\t\t\t\t<\/div>\n\t\t<\/div>\n\t\t\t\t\t<\/div>\n\t\t<\/section>\n\t\t\t\t<section class=\"elementor-section elementor-top-section elementor-element elementor-element-9f756a5 elementor-section-boxed elementor-section-height-default elementor-section-height-default\" data-id=\"9f756a5\" data-element_type=\"section\">\n\t\t\t\t\t\t<div class=\"elementor-container elementor-column-gap-default\">\n\t\t\t\t\t<div class=\"elementor-column elementor-col-50 elementor-top-column elementor-element elementor-element-b5b6e2f\" data-id=\"b5b6e2f\" data-element_type=\"column\">\n\t\t\t<div class=\"elementor-widget-wrap elementor-element-populated\">\n\t\t\t\t\t\t<div class=\"elementor-element elementor-element-5d6f7f0 elementor-widget elementor-widget-text-editor\" data-id=\"5d6f7f0\" data-element_type=\"widget\" data-widget_type=\"text-editor.default\">\n\t\t\t\t<div class=\"elementor-widget-container\">\n\t\t\t\t\t\t\t<p>A Aldeia Inclusiva \u00e9 uma associa\u00e7\u00e3o IPSS. Isto significa que o sistema de seguran\u00e7a social portugu\u00eas ir\u00e1 cobrir os custos inerentes ao cuidado e supervis\u00e3o das pessoas com defici\u00eancia, bem como cofinanciar a constru\u00e7\u00e3o da sua resid\u00eancia e at\u00e9 mesmo o centro de dia.<br \/>As fam\u00edlias s\u00e3o confrontadas com o problema de ocupar e desenvolver a sua crian\u00e7a com uma defici\u00eancia de qualquer tipo (autismo, paralisia cerebral, s\u00edndrome de Down, etc.). Acreditamos que a natureza e os animais s\u00e3o fontes de aprendizagem significativas para eles e podem ajud\u00e1-los a gerir as suas emo\u00e7\u00f5es de uma forma mais descontra\u00edda, longe das exig\u00eancias stressantes da vida citadina ou do seu quarto.<\/p><p>N\u00e3o queremos criar um centro fechado onde os nossos filhos envelhecem longe do mundo, fechados em si pr\u00f3prios e incapazes de interagir com as pessoas comuns, partilhando a sua riqueza interior.<\/p>\t\t\t\t\t\t<\/div>\n\t\t\t\t<\/div>\n\t\t\t\t\t<\/div>\n\t\t<\/div>\n\t\t\t\t<div class=\"elementor-column elementor-col-50 elementor-top-column elementor-element elementor-element-aaf27e8\" data-id=\"aaf27e8\" data-element_type=\"column\">\n\t\t\t<div class=\"elementor-widget-wrap elementor-element-populated\">\n\t\t\t\t\t\t<div class=\"elementor-element elementor-element-d4cb69a elementor-widget elementor-widget-html\" data-id=\"d4cb69a\" data-element_type=\"widget\" data-widget_type=\"html.default\">\n\t\t\t\t<div class=\"elementor-widget-container\">\n\t\t\t<div style=\"padding:56.25% 0 0 0;position:relative;\"><iframe width=\"100%\" height=\"100%\" src=\"https:\/\/app.videas.fr\/embed\/media\/f0e139d2-9499-4c38-beb1-afde2479fae9\/?title=false&logo=false&thumbnail=video&player=da448b96-8230-4114-a01c-6d4553406321\" frameborder=\"0\" allow=\"accelerometer; autoplay; encrypted-media; gyroscope; picture-in-picture\" allowfullscreen=\"true\" style=\"position: absolute; top: 0; left: 0\" referrerpolicy=\"unsafe-url\"><\/iframe><\/div>\t\t<\/div>\n\t\t\t\t<\/div>\n\t\t\t\t\t<\/div>\n\t\t<\/div>\n\t\t\t\t\t<\/div>\n\t\t<\/section>\n\t\t\t\t<section class=\"elementor-section elementor-top-section elementor-element elementor-element-99653d9 elementor-section-boxed elementor-section-height-default elementor-section-height-default\" data-id=\"99653d9\" data-element_type=\"section\">\n\t\t\t\t\t\t<div class=\"elementor-container elementor-column-gap-default\">\n\t\t\t\t\t<div class=\"elementor-column elementor-col-100 elementor-top-column elementor-element elementor-element-8110848\" data-id=\"8110848\" data-element_type=\"column\">\n\t\t\t<div class=\"elementor-widget-wrap elementor-element-populated\">\n\t\t\t\t\t\t<div class=\"elementor-element elementor-element-61636ae elementor-widget elementor-widget-heading\" data-id=\"61636ae\" data-element_type=\"widget\" data-widget_type=\"heading.default\">\n\t\t\t\t<div class=\"elementor-widget-container\">\n\t\t\t<h2 class=\"elementor-heading-title elementor-size-default\">Os nossos projectos :<\/h2>\t\t<\/div>\n\t\t\t\t<\/div>\n\t\t\t\t<div class=\"elementor-element elementor-element-f6cf6a2 elementor-widget elementor-widget-text-editor\" data-id=\"f6cf6a2\" data-element_type=\"widget\" data-widget_type=\"text-editor.default\">\n\t\t\t\t<div class=\"elementor-widget-container\">\n\t\t\t\t\t\t\t<ol><li>Criar um local para viver, ou seja, uma resid\u00eancia, para 12 jovens com dificuldades de aprendizagem, onde possam comer e dormir todos os dias, com educadores a tomar conta deles durante o dia e a noite.<br \/><br \/><\/li><li>Criar um centro de dia para acolher outros jovens (18 num m\u00e1ximo de 30 no total) que vir\u00e3o trabalhar, comer durante o dia e regressar a casa \u00e0 noite para junto das suas fam\u00edlias.<br \/><br \/><\/li><li>Os turistas vir\u00e3o para passar f\u00e9rias e ser\u00e3o servidos, atendidos e ajudados por jovens assistidos pelos profissionais que os atendem e que querem envolver-se no projeto. Os jovens poder\u00e3o tamb\u00e9m desenvolver as actividades que desejarem noutras empresas ou fun\u00e7\u00f5es.<br \/><br \/><\/li><li>Criar uma quinta pedag\u00f3gica aberta a todos, que acolha as fam\u00edlias com os seus filhos para os mergulhar na natureza e no contacto com os animais. A horta e os animais estar\u00e3o presentes para dar trabalho tamb\u00e9m aos jovens e permitir que as fam\u00edlias venham relaxar num local seguro com um lago e uma zona de churrasco onde podem comer e passar o dia ao ar livre, longe dos tablets e computadores das crian\u00e7as.<\/li><\/ol>\t\t\t\t\t\t<\/div>\n\t\t\t\t<\/div>\n\t\t\t\t<div class=\"elementor-element elementor-element-a3419cf elementor-widget elementor-widget-heading\" data-id=\"a3419cf\" data-element_type=\"widget\" data-widget_type=\"heading.default\">\n\t\t\t\t<div class=\"elementor-widget-container\">\n\t\t\t<h2 class=\"elementor-heading-title elementor-size-default\">Como \u00e9 que podemos ajudar?<\/h2>\t\t<\/div>\n\t\t\t\t<\/div>\n\t\t\t\t<div class=\"elementor-element elementor-element-059d918 elementor-widget elementor-widget-text-editor\" data-id=\"059d918\" data-element_type=\"widget\" data-widget_type=\"text-editor.default\">\n\t\t\t\t<div class=\"elementor-widget-container\">\n\t\t\t\t\t\t\t<p>Todos os seus donativos ajudar\u00e3o a financiar a quinta pedag\u00f3gica, os honor\u00e1rios dos arquitectos e outras despesas.<br \/>despesas de funcionamento. Os membros da associa\u00e7\u00e3o s\u00e3o todos volunt\u00e1rios. E n\u00f3s<br \/>criamos actividades para os jovens se divertirem. A minha empresa portuguesa Colina Inaudita<br \/>que lhe aluga as Tiny Houses apoia financeiramente o projeto. As identidades fiscais s\u00e3o diferentes<br \/>No entanto, o objetivo \u00e9 o mesmo.<\/p>\t\t\t\t\t\t<\/div>\n\t\t\t\t<\/div>\n\t\t\t\t<div class=\"elementor-element elementor-element-86aab58 elementor-widget elementor-widget-heading\" data-id=\"86aab58\" data-element_type=\"widget\" data-widget_type=\"heading.default\">\n\t\t\t\t<div class=\"elementor-widget-container\">\n\t\t\t<h2 class=\"elementor-heading-title elementor-size-default\">O que \u00e9 que j\u00e1 alcan\u00e7\u00e1mos?<\/h2>\t\t<\/div>\n\t\t\t\t<\/div>\n\t\t\t\t<div class=\"elementor-element elementor-element-b5fc1cb elementor-widget elementor-widget-text-editor\" data-id=\"b5fc1cb\" data-element_type=\"widget\" data-widget_type=\"text-editor.default\">\n\t\t\t\t<div class=\"elementor-widget-container\">\n\t\t\t\t\t\t\t<ol><li><strong>2 de abril de 2023<\/strong> Uma caminhada de sensibiliza\u00e7\u00e3o para o autismo nas ruas de Mon\u00e7\u00e3o. 250 pessoas participaram na caminhada, demonstrando a necessidade urgente de criar locais para as crian\u00e7as autistas viverem e trabalharem.<br \/><br \/><\/li><li><strong>Durante o ver\u00e3o de 2023<\/strong> Realiz\u00e1mos 10 semanas de cursos de ver\u00e3o para crian\u00e7as dos 4 aos 25 anos, com ou sem defici\u00eancia. Acolhemos todos e apoi\u00e1mos os mais desfavorecidos. Os membros da associa\u00e7\u00e3o trabalharam em regime de voluntariado e um grande n\u00famero de volunt\u00e1rios veio dar uma ajuda no acompanhamento das crian\u00e7as ou dos jovens com defici\u00eancia.<br \/><br \/><\/li><li><strong>3 de dezembro de 2023<\/strong> Estamos a organizar uma jornada de informa\u00e7\u00e3o sobre a defici\u00eancia mental e f\u00edsica. No Teatro Jo\u00e3o Verde, em Mon\u00e7\u00e3o, teremos o prazer de receber profissionais que dar\u00e3o palestras sobre a sua disciplina, jovens at\u00edpicos que falar\u00e3o do seu sucesso e pais que partilhar\u00e3o as suas solu\u00e7\u00f5es nos v\u00e1rios dom\u00ednios da legalidade, do trabalho, das actividades desportivas, da escola ou das terapias.<\/li><\/ol>\t\t\t\t\t\t<\/div>\n\t\t\t\t<\/div>\n\t\t\t\t<div class=\"elementor-element elementor-element-49997ca elementor-widget elementor-widget-text-editor\" data-id=\"49997ca\" data-element_type=\"widget\" data-widget_type=\"text-editor.default\">\n\t\t\t\t<div class=\"elementor-widget-container\">\n\t\t\t\t\t\t\t<p><em>Obrigado por ter vindo ao nosso pequeno para\u00edso. O seu aluguer apoia o nosso projeto.<\/em><br \/><em>Todos os donativos s\u00e3o bem-vindos<\/em><\/p>\t\t\t\t\t\t<\/div>\n\t\t\t\t<\/div>\n\t\t\t\t<div class=\"elementor-element elementor-element-0a88a2d elementor-widget elementor-widget-heading\" data-id=\"0a88a2d\" data-element_type=\"widget\" data-widget_type=\"heading.default\">\n\t\t\t\t<div class=\"elementor-widget-container\">\n\t\t\t<h2 class=\"elementor-heading-title elementor-size-default\">Para os vossos donativos:<\/h2>\t\t<\/div>\n\t\t\t\t<\/div>\n\t\t\t\t<div class=\"elementor-element elementor-element-0ea53cc elementor-widget elementor-widget-text-editor\" data-id=\"0ea53cc\" data-element_type=\"widget\" data-widget_type=\"text-editor.default\">\n\t\t\t\t<div class=\"elementor-widget-container\">\n\t\t\t\t\t\t\t<p><strong><em>Visitar<\/em> o n\u00famero de conta da associa\u00e7\u00e3o<\/strong><br \/>Aldeia Inclusiva<br \/>229 Estrada do Rio Covo<br \/>4590-030 Freguesia Ceiv\u00e3es e Badim<br \/>IBAN : PT50 0033 0000 4569 1150 3400 5<br \/>Bic: MIBPPTP1XXX<\/p>\t\t\t\t\t\t<\/div>\n\t\t\t\t<\/div>\n\t\t\t\t<div class=\"elementor-element elementor-element-966994e elementor-align-center elementor-widget elementor-widget-button\" data-id=\"966994e\" data-element_type=\"widget\" data-widget_type=\"button.default\">\n\t\t\t\t<div class=\"elementor-widget-container\">\n\t\t\t\t\t\t\t<div class=\"elementor-button-wrapper\">\n\t\t\t\t\t<a class=\"elementor-button elementor-button-link elementor-size-sm\" href=\"https:\/\/www.paypal.com\/donate\/?hosted_button_id=6TBHERT4H5EW6\" target=\"_blank\">\n\t\t\t\t\t\t<span class=\"elementor-button-content-wrapper\">\n\t\t\t\t\t\t\t\t\t<span class=\"elementor-button-text\">Fazer um donativo atrav\u00e9s do Paypal<\/span>\n\t\t\t\t\t<\/span>\n\t\t\t\t\t<\/a>\n\t\t\t\t<\/div>\n\t\t\t\t\t\t<\/div>\n\t\t\t\t<\/div>\n\t\t\t\t\t<\/div>\n\t\t<\/div>\n\t\t\t\t\t<\/div>\n\t\t<\/section>\n\t\t\t\t<\/div>","protected":false},"excerpt":{"rendered":"<p>ALDEIA INCLUSIVAALDEIA INCLUSIVA, uma associa\u00e7\u00e3o para a verdadeira INCLUS\u00c3O DA DIFEREN\u00c7A Somos uma associa\u00e7\u00e3o de pais de crian\u00e7as com defici\u00eancia, apoiantes e profissionais que querem criar uma Aldeia Inclusiva. Por outras palavras, um bairro onde os nossos jovens adultos com defici\u00eancia possam viver em contacto com a natureza e trabalhar em actividades abertas ao mundo e [...].<\/p>","protected":false},"author":1,"featured_media":0,"parent":0,"menu_order":0,"comment_status":"closed","ping_status":"closed","template":"","meta":{"footnotes":""},"class_list":["post-2672","page","type-page","status-publish","hentry"],"jetpack_sharing_enabled":true,"_links":{"self":[{"href":"https:\/\/orefugionasvinhas.com\/pt\/wp-json\/wp\/v2\/pages\/2672","targetHints":{"allow":["GET"]}}],"collection":[{"href":"https:\/\/orefugionasvinhas.com\/pt\/wp-json\/wp\/v2\/pages"}],"about":[{"href":"https:\/\/orefugionasvinhas.com\/pt\/wp-json\/wp\/v2\/types\/page"}],"author":[{"embeddable":true,"href":"https:\/\/orefugionasvinhas.com\/pt\/wp-json\/wp\/v2\/users\/1"}],"replies":[{"embeddable":true,"href":"https:\/\/orefugionasvinhas.com\/pt\/wp-json\/wp\/v2\/comments?post=2672"}],"version-history":[{"count":49,"href":"https:\/\/orefugionasvinhas.com\/pt\/wp-json\/wp\/v2\/pages\/2672\/revisions"}],"predecessor-version":[{"id":4413,"href":"https:\/\/orefugionasvinhas.com\/pt\/wp-json\/wp\/v2\/pages\/2672\/revisions\/4413"}],"wp:attachment":[{"href":"https:\/\/orefugionasvinhas.com\/pt\/wp-json\/wp\/v2\/media?parent=2672"}],"curies":[{"name":"wp","href":"https:\/\/api.w.org\/{rel}","templated":true}]}}